{"id":4509,"date":"2026-01-02T02:19:26","date_gmt":"2026-01-02T02:19:26","guid":{"rendered":"https:\/\/elpuclitico.cl\/?page_id=4509"},"modified":"2026-06-15T01:46:40","modified_gmt":"2026-06-15T01:46:40","slug":"inicio","status":"publish","type":"page","link":"https:\/\/elpuclitico.cl\/","title":{"rendered":"inicio"},"content":{"rendered":"\n<div class=\"wp-block-stackable-columns alignfull stk-block-columns stk-block stk-778a643\" data-block-id=\"778a643\"><style>.stk-778a643 {margin-top:var(--stk--preset--spacing--none, 0px) !important;}.stk-778a643-column{flex-wrap:wrap !important;--stk-flex-grow:0 !important;}@media screen and (max-width:999px){.stk-778a643 {--stk-col-order-1:2 !important;--stk-col-order-2:1 !important;--stk-col-order-3:3 !important;}}@media screen and (max-width:689px){.stk-778a643-column{--stk-columns-spacing:0px !important;}.stk-778a643 {--stk-col-order-1:2 !important;--stk-col-order-2:1 !important;--stk-col-order-3:3 !important;}}<\/style><div class=\"stk-row stk-inner-blocks stk-block-content stk-content-align stk-778a643-column alignwide\">\n<div class=\"wp-block-stackable-column stk-block-column stk-column stk-block stk-7e6b337\" data-v=\"4\" data-block-id=\"7e6b337\"><style>@media screen and (min-width:690px){.stk-7e6b337 {flex:var(--stk-flex-grow, 1) 1 calc(27.5% - var(--stk-column-gap, 0px) * 2 \/ 3 ) !important;}}@media screen and (min-width:690px) and (max-width:999px){.stk-7e6b337 {flex:var(--stk-flex-grow, 1) 1 calc(50% - var(--stk-column-gap, 0px) * 0 \/ 1 ) !important;}}<\/style><div class=\"stk-column-wrapper stk-block-column__content stk-container stk-7e6b337-container stk--no-background stk--no-padding\"><div class=\"stk-block-content stk-inner-blocks stk-7e6b337-inner-blocks\">\n<div class=\"wp-block-stackable-posts stk-block-posts stk-block stk-c182f2d stk-block-posts--style-oli is-style-default\" data-v=\"2\" data-block-id=\"c182f2d\"><style>.stk-c182f2d {--stk-columns:1 !important;}.stk-c182f2d-container .stk-button{background:var(--theme-palette-color-1, #00a1c8) !important;}.stk-c182f2d .stk-img-wrapper{height:112px !important;}.stk-c182f2d .stk-block-posts__title a{font-size:20px !important;color:#0f0e17 !important;text-transform:uppercase !important;font-family:\"Rubik\", Sans-serif !important;}.stk-c182f2d .stk-block-posts__category, .stk-c182f2d .stk-block-posts__category a .stk-button__inner-text{font-size:15px !important;}@media screen and (max-width:999px){.stk-c182f2d .stk-block-posts__title a{font-size:20px !important;}.stk-c182f2d .stk-block-posts__category, .stk-c182f2d .stk-block-posts__category a .stk-button__inner-text{font-size:15px !important;}}@media screen and (max-width:689px){.stk-c182f2d {--stk-columns:2 !important;}.stk-c182f2d .stk-img-wrapper{height:70px !important;}.stk-c182f2d .stk-block-posts__title a{font-size:14px !important;}.stk-c182f2d .stk-block-posts__category, .stk-c182f2d .stk-block-posts__category a .stk-button__inner-text{font-size:9px !important;}.stk-c182f2d .stk-block-posts__meta{font-size:12px !important;}}<\/style><div class=\"stk-inner-blocks stk-content-align stk-c182f2d-column\"><div class=\"stk-block-posts__items\"><div class=\"stk-block-posts__item\"><div class=\"stk-container stk-c182f2d-container stk--no-background stk--no-padding\"><article><a href=\"https:\/\/elpuclitico.cl\/index.php\/2026\/09\/03\/y-tu-que-lees-profe\/\" class=\"stk-block-posts__image-link\"><figure class=\"stk-img-wrapper stk-image--shape-stretch\"><img fetchpriority=\"high\" decoding=\"async\" width=\"1920\" height=\"1080\" src=\"https:\/\/elpuclitico.cl\/wp-content\/uploads\/2026\/09\/PUCLITICO-PORTADA-WEB-GENERAL-WEB2-13.jpg\" class=\"attachment-full size-full wp-post-image\" alt=\"\" srcset=\"https:\/\/elpuclitico.cl\/wp-content\/uploads\/2026\/09\/PUCLITICO-PORTADA-WEB-GENERAL-WEB2-13.jpg 1920w, https:\/\/elpuclitico.cl\/wp-content\/uploads\/2026\/09\/PUCLITICO-PORTADA-WEB-GENERAL-WEB2-13-300x169.jpg 300w, https:\/\/elpuclitico.cl\/wp-content\/uploads\/2026\/09\/PUCLITICO-PORTADA-WEB-GENERAL-WEB2-13-1024x576.jpg 1024w, https:\/\/elpuclitico.cl\/wp-content\/uploads\/2026\/09\/PUCLITICO-PORTADA-WEB-GENERAL-WEB2-13-768x432.jpg 768w, https:\/\/elpuclitico.cl\/wp-content\/uploads\/2026\/09\/PUCLITICO-PORTADA-WEB-GENERAL-WEB2-13-1536x864.jpg 1536w\" sizes=\"(max-width: 1920px) 100vw, 1920px\" \/><\/figure><\/a><div class=\"stk-block-posts__category stk-subtitle\"><a class=\"stk-button\" href=\"https:\/\/elpuclitico.cl\/index.php\/category\/cultura\/\" rel=\"category tag\"><span class=\"stk-button__inner-text\">Cultura<\/span><\/a>, <a class=\"stk-button\" href=\"https:\/\/elpuclitico.cl\/index.php\/category\/tiempolibre\/\" rel=\"category tag\"><span class=\"stk-button__inner-text\">Tiempo Libre<\/span><\/a><\/div><h1 class=\"stk-block-posts__title has-text-align-left has-text-color\"><a href='https:\/\/elpuclitico.cl\/index.php\/2026\/09\/03\/y-tu-que-lees-profe\/'>\u00bfY t\u00fa qu\u00e9 lees, profe?<\/a><\/h1><div class=\"stk-block-posts__meta stk-subtitle\"><time datetime=\"2026-09-03T01:48:13+00:00\">3 de septiembre de 2026<\/time><\/div><\/article><\/div><\/div><div class=\"stk-block-posts__item\"><div class=\"stk-container stk-c182f2d-container stk--no-background stk--no-padding\"><article><a href=\"https:\/\/elpuclitico.cl\/index.php\/2026\/09\/02\/las-historias-detras-de-las-esculturas-que-habitan-los-campus-uc\/\" class=\"stk-block-posts__image-link\"><figure class=\"stk-img-wrapper stk-image--shape-stretch\"><img decoding=\"async\" width=\"1920\" height=\"1080\" src=\"https:\/\/elpuclitico.cl\/wp-content\/uploads\/2026\/09\/PUCLITICO-PORTADA-WEB-GENERAL-WEB2-4.png\" class=\"attachment-full size-full wp-post-image\" alt=\"\" srcset=\"https:\/\/elpuclitico.cl\/wp-content\/uploads\/2026\/09\/PUCLITICO-PORTADA-WEB-GENERAL-WEB2-4.png 1920w, https:\/\/elpuclitico.cl\/wp-content\/uploads\/2026\/09\/PUCLITICO-PORTADA-WEB-GENERAL-WEB2-4-300x169.png 300w, https:\/\/elpuclitico.cl\/wp-content\/uploads\/2026\/09\/PUCLITICO-PORTADA-WEB-GENERAL-WEB2-4-1024x576.png 1024w, https:\/\/elpuclitico.cl\/wp-content\/uploads\/2026\/09\/PUCLITICO-PORTADA-WEB-GENERAL-WEB2-4-768x432.png 768w, https:\/\/elpuclitico.cl\/wp-content\/uploads\/2026\/09\/PUCLITICO-PORTADA-WEB-GENERAL-WEB2-4-1536x864.png 1536w\" sizes=\"(max-width: 1920px) 100vw, 1920px\" \/><\/figure><\/a><div class=\"stk-block-posts__category stk-subtitle\"><a class=\"stk-button\" href=\"https:\/\/elpuclitico.cl\/index.php\/category\/cultura\/\" rel=\"category tag\"><span class=\"stk-button__inner-text\">Cultura<\/span><\/a>, <a class=\"stk-button\" href=\"https:\/\/elpuclitico.cl\/index.php\/category\/tiempolibre\/\" rel=\"category tag\"><span class=\"stk-button__inner-text\">Tiempo Libre<\/span><\/a><\/div><h1 class=\"stk-block-posts__title has-text-align-left has-text-color\"><a href='https:\/\/elpuclitico.cl\/index.php\/2026\/09\/02\/las-historias-detras-de-las-esculturas-que-habitan-los-campus-uc\/'>Las historias detr\u00e1s de las esculturas que habitan los campus UC<\/a><\/h1><div class=\"stk-block-posts__meta stk-subtitle\"><time datetime=\"2026-09-02T00:16:14+00:00\">2 de septiembre de 2026<\/time><\/div><\/article><\/div><\/div><\/div><div class=\"stk-inner-blocks\"><\/div><\/div><\/div>\n<\/div><\/div><\/div>\n\n\n\n<div class=\"wp-block-stackable-column stk-block-column stk-column stk-block stk-5987345\" data-v=\"4\" data-block-id=\"5987345\"><style>@media screen and (min-width:690px){.stk-5987345 {flex:var(--stk-flex-grow, 1) 1 calc(45% - var(--stk-column-gap, 0px) * 2 \/ 3 ) !important;}}@media screen and (min-width:690px) and (max-width:999px){.stk-5987345 {flex:var(--stk-flex-grow, 1) 1 calc(100% - var(--stk-column-gap, 0px) * 0 \/ 1 ) !important;}}<\/style><div class=\"stk-column-wrapper stk-block-column__content stk-container stk-5987345-container stk--no-background stk--no-padding\"><div class=\"stk-block-content stk-inner-blocks stk-5987345-inner-blocks\">\n<div class=\"wp-block-stackable-posts stk-block-posts stk-block stk-ce5a7b2 stk-block-posts--style-oli is-style-default\" data-v=\"2\" data-block-id=\"ce5a7b2\"><style>.stk-ce5a7b2 {--stk-columns:1 !important;}.stk-ce5a7b2-container .stk-button{background:var(--theme-palette-color-1, #00a1c8) !important;}.stk-ce5a7b2 .stk-block-posts__title{margin-bottom:0px !important;}.stk-ce5a7b2 .stk-block-posts__excerpt{margin-bottom:0px !important;}.stk-ce5a7b2 .stk-block-posts__meta{margin-bottom:0px !important;}.stk-ce5a7b2 .stk-img-wrapper{height:337px !important;}.stk-ce5a7b2 .stk-block-posts__title a{font-size:32px !important;color:#0f0e17 !important;line-height:1.2em !important;font-family:\"Rubik\", Sans-serif !important;}.stk-ce5a7b2 .stk-block-posts__category, .stk-ce5a7b2 .stk-block-posts__category a .stk-button__inner-text{font-size:21px !important;}.stk-ce5a7b2 .stk-block-posts__excerpt p{font-size:22px !important;}@media screen and (max-width:999px){.stk-ce5a7b2 .stk-block-posts__title a{font-size:32px !important;}.stk-ce5a7b2 .stk-block-posts__category, .stk-ce5a7b2 .stk-block-posts__category a .stk-button__inner-text{font-size:21px !important;}.stk-ce5a7b2 .stk-block-posts__excerpt p{font-size:22px !important;}}@media screen and (max-width:689px){.stk-ce5a7b2 .stk-block-posts__category{margin-bottom:10px !important;}.stk-ce5a7b2 .stk-img-wrapper{height:150px !important;}.stk-ce5a7b2 .stk-block-posts__title a{font-size:18px !important;}.stk-ce5a7b2 .stk-block-posts__category, .stk-ce5a7b2 .stk-block-posts__category a .stk-button__inner-text{font-size:11px !important;}.stk-ce5a7b2 .stk-block-posts__excerpt p{font-size:13px !important;}}<\/style><div class=\"stk-inner-blocks stk-content-align stk-ce5a7b2-column\"><div class=\"stk-block-posts__items\"><div class=\"stk-block-posts__item\"><div class=\"stk-container stk-ce5a7b2-container stk--no-background stk--no-padding\"><article><a href=\"https:\/\/elpuclitico.cl\/index.php\/2026\/09\/04\/mananas-mas-oscuras-tardes-mas-largas-este-sabado-5-de-septiembre-inicia-el-horario-de-verano\/\" class=\"stk-block-posts__image-link\"><figure class=\"stk-img-wrapper stk-image--shape-stretch\"><img decoding=\"async\" width=\"2400\" height=\"1350\" src=\"https:\/\/elpuclitico.cl\/wp-content\/uploads\/2026\/09\/horario.jpg\" class=\"attachment-full size-full wp-post-image\" alt=\"\" srcset=\"https:\/\/elpuclitico.cl\/wp-content\/uploads\/2026\/09\/horario.jpg 2400w, https:\/\/elpuclitico.cl\/wp-content\/uploads\/2026\/09\/horario-300x169.jpg 300w, https:\/\/elpuclitico.cl\/wp-content\/uploads\/2026\/09\/horario-1024x576.jpg 1024w, https:\/\/elpuclitico.cl\/wp-content\/uploads\/2026\/09\/horario-768x432.jpg 768w, https:\/\/elpuclitico.cl\/wp-content\/uploads\/2026\/09\/horario-1536x864.jpg 1536w, https:\/\/elpuclitico.cl\/wp-content\/uploads\/2026\/09\/horario-2048x1152.jpg 2048w\" sizes=\"(max-width: 2400px) 100vw, 2400px\" \/><\/figure><\/a><div class=\"stk-block-posts__category stk-subtitle\"><a class=\"stk-button\" href=\"https:\/\/elpuclitico.cl\/index.php\/category\/actualidad\/\" rel=\"category tag\"><span class=\"stk-button__inner-text\">Actualidad<\/span><\/a><\/div><h1 class=\"stk-block-posts__title has-text-align-left has-text-color\"><a href='https:\/\/elpuclitico.cl\/index.php\/2026\/09\/04\/mananas-mas-oscuras-tardes-mas-largas-este-sabado-5-de-septiembre-inicia-el-horario-de-verano\/'>Ma\u00f1anas m\u00e1s oscuras, tardes m\u00e1s largas: este s\u00e1bado 5 de septiembre inicia el horario de verano<\/a><\/h1><div class=\"stk-block-posts__meta stk-subtitle\"><time datetime=\"2026-09-04T00:56:59+00:00\">4 de septiembre de 2026<\/time><\/div><div class=\"stk-block-posts__excerpt has-text-align-left\"><p>Con este cambio, los alumnos que tienen clases en el primer bloque saldr\u00e1n de sus casas a oscuras y los que terminan su jornada durante la tarde podr\u00e1n&hellip;<\/p>\n<\/div><\/article><\/div><\/div><\/div><div class=\"stk-inner-blocks\"><\/div><\/div><\/div>\n<\/div><\/div><\/div>\n\n\n\n<div class=\"wp-block-stackable-column stk-block-column stk-column stk-block stk-4624fa4\" data-v=\"4\" data-block-id=\"4624fa4\"><style>@media screen and (min-width:690px){.stk-4624fa4 {flex:var(--stk-flex-grow, 1) 1 calc(27.5% - var(--stk-column-gap, 0px) * 2 \/ 3 ) !important;}}@media screen and (min-width:690px) and (max-width:999px){.stk-4624fa4 {flex:var(--stk-flex-grow, 1) 1 calc(50% - var(--stk-column-gap, 0px) * 0 \/ 1 ) !important;}}<\/style><div class=\"stk-column-wrapper stk-block-column__content stk-container stk-4624fa4-container stk--no-background stk--no-padding\"><div class=\"stk-block-content stk-inner-blocks stk-4624fa4-inner-blocks\">\n<div class=\"wp-block-stackable-posts stk-block-posts stk-block stk-985e39f stk-block-posts--style-oli is-style-default\" data-v=\"2\" data-block-id=\"985e39f\"><style>.stk-985e39f {--stk-columns:1 !important;}.stk-985e39f-container .stk-button{background:var(--theme-palette-color-1, #00a1c8) !important;}.stk-985e39f .stk-img-wrapper{height:112px !important;}.stk-985e39f .stk-block-posts__title a{font-size:20px !important;color:#0f0e17 !important;font-family:\"Rubik\", Sans-serif !important;}.stk-985e39f .stk-block-posts__category, .stk-985e39f .stk-block-posts__category a .stk-button__inner-text{font-size:15px !important;}@media screen and (max-width:999px){.stk-985e39f .stk-block-posts__title a{font-size:20px !important;}.stk-985e39f .stk-block-posts__category, .stk-985e39f .stk-block-posts__category a .stk-button__inner-text{font-size:15px !important;}}@media screen and (max-width:689px){.stk-985e39f {--stk-columns:2 !important;}.stk-985e39f .stk-block-posts__category{margin-bottom:14px !important;}.stk-985e39f .stk-block-posts__meta{margin-bottom:1px !important;font-size:9px !important;}.stk-985e39f .stk-img-wrapper{height:70px !important;}.stk-985e39f .stk-block-posts__title a{font-size:14px !important;}.stk-985e39f .stk-block-posts__category, .stk-985e39f .stk-block-posts__category a .stk-button__inner-text{font-size:9px !important;}}<\/style><div class=\"stk-inner-blocks stk-content-align stk-985e39f-column\"><div class=\"stk-block-posts__items\"><div class=\"stk-block-posts__item\"><div class=\"stk-container stk-985e39f-container stk--no-background stk--no-padding\"><article><a href=\"https:\/\/elpuclitico.cl\/index.php\/2026\/09\/01\/se-constituye-tricel-para-elecciones-feuc-2027\/\" class=\"stk-block-posts__image-link\"><figure class=\"stk-img-wrapper stk-image--shape-stretch\"><img loading=\"lazy\" decoding=\"async\" width=\"1920\" height=\"1080\" src=\"https:\/\/elpuclitico.cl\/wp-content\/uploads\/2026\/09\/PUCLITICO-PORTADA-WEB-GENERAL-WEB2-17.png\" class=\"attachment-full size-full wp-post-image\" alt=\"\" srcset=\"https:\/\/elpuclitico.cl\/wp-content\/uploads\/2026\/09\/PUCLITICO-PORTADA-WEB-GENERAL-WEB2-17.png 1920w, https:\/\/elpuclitico.cl\/wp-content\/uploads\/2026\/09\/PUCLITICO-PORTADA-WEB-GENERAL-WEB2-17-300x169.png 300w, https:\/\/elpuclitico.cl\/wp-content\/uploads\/2026\/09\/PUCLITICO-PORTADA-WEB-GENERAL-WEB2-17-1024x576.png 1024w, https:\/\/elpuclitico.cl\/wp-content\/uploads\/2026\/09\/PUCLITICO-PORTADA-WEB-GENERAL-WEB2-17-768x432.png 768w, https:\/\/elpuclitico.cl\/wp-content\/uploads\/2026\/09\/PUCLITICO-PORTADA-WEB-GENERAL-WEB2-17-1536x864.png 1536w\" sizes=\"(max-width: 1920px) 100vw, 1920px\" \/><\/figure><\/a><div class=\"stk-block-posts__category stk-subtitle\"><a class=\"stk-button\" href=\"https:\/\/elpuclitico.cl\/index.php\/category\/actualidad\/\" rel=\"category tag\"><span class=\"stk-button__inner-text\">Actualidad<\/span><\/a>, <a class=\"stk-button\" href=\"https:\/\/elpuclitico.cl\/index.php\/category\/politicauniversitaria\/elecciones-feuc-2027\/\" rel=\"category tag\"><span class=\"stk-button__inner-text\">Elecciones FEUC 2027<\/span><\/a>, <a class=\"stk-button\" href=\"https:\/\/elpuclitico.cl\/index.php\/category\/politicauniversitaria\/\" rel=\"category tag\"><span class=\"stk-button__inner-text\">Pol\u00edtica Universitaria<\/span><\/a><\/div><h1 class=\"stk-block-posts__title has-text-align-left has-text-color\"><a href='https:\/\/elpuclitico.cl\/index.php\/2026\/09\/01\/se-constituye-tricel-para-elecciones-feuc-2027\/'>Se constituye TRICEL para elecciones FEUC 2027<\/a><\/h1><div class=\"stk-block-posts__meta stk-subtitle\"><time datetime=\"2026-09-01T01:55:29+00:00\">1 de septiembre de 2026<\/time><\/div><\/article><\/div><\/div><div class=\"stk-block-posts__item\"><div class=\"stk-container stk-985e39f-container stk--no-background stk--no-padding\"><article><a href=\"https:\/\/elpuclitico.cl\/index.php\/2026\/09\/01\/consejo-feuc-se-aprueba-someter-a-votacion-territorial-la-paralizacion-del-11-de-septiembre\/\" class=\"stk-block-posts__image-link\"><figure class=\"stk-img-wrapper stk-image--shape-stretch\"><img loading=\"lazy\" decoding=\"async\" width=\"1920\" height=\"1080\" src=\"https:\/\/elpuclitico.cl\/wp-content\/uploads\/2026\/09\/PUCLITICO-PORTADA-WEB-GENERAL-WEB2-18-1.png\" class=\"attachment-full size-full wp-post-image\" alt=\"\" srcset=\"https:\/\/elpuclitico.cl\/wp-content\/uploads\/2026\/09\/PUCLITICO-PORTADA-WEB-GENERAL-WEB2-18-1.png 1920w, https:\/\/elpuclitico.cl\/wp-content\/uploads\/2026\/09\/PUCLITICO-PORTADA-WEB-GENERAL-WEB2-18-1-300x169.png 300w, https:\/\/elpuclitico.cl\/wp-content\/uploads\/2026\/09\/PUCLITICO-PORTADA-WEB-GENERAL-WEB2-18-1-1024x576.png 1024w, https:\/\/elpuclitico.cl\/wp-content\/uploads\/2026\/09\/PUCLITICO-PORTADA-WEB-GENERAL-WEB2-18-1-768x432.png 768w, https:\/\/elpuclitico.cl\/wp-content\/uploads\/2026\/09\/PUCLITICO-PORTADA-WEB-GENERAL-WEB2-18-1-1536x864.png 1536w\" sizes=\"(max-width: 1920px) 100vw, 1920px\" \/><\/figure><\/a><div class=\"stk-block-posts__category stk-subtitle\"><a class=\"stk-button\" href=\"https:\/\/elpuclitico.cl\/index.php\/category\/actualidad\/\" rel=\"category tag\"><span class=\"stk-button__inner-text\">Actualidad<\/span><\/a>, <a class=\"stk-button\" href=\"https:\/\/elpuclitico.cl\/index.php\/category\/politicauniversitaria\/\" rel=\"category tag\"><span class=\"stk-button__inner-text\">Pol\u00edtica Universitaria<\/span><\/a><\/div><h1 class=\"stk-block-posts__title has-text-align-left has-text-color\"><a href='https:\/\/elpuclitico.cl\/index.php\/2026\/09\/01\/consejo-feuc-se-aprueba-someter-a-votacion-territorial-la-paralizacion-del-11-de-septiembre\/'>Consejo FEUC: Se aprueba someter a votaci\u00f3n territorial la paralizaci\u00f3n del 11 de septiembre<\/a><\/h1><div class=\"stk-block-posts__meta stk-subtitle\"><time datetime=\"2026-09-01T01:04:59+00:00\">1 de septiembre de 2026<\/time><\/div><\/article><\/div><\/div><\/div><div class=\"stk-inner-blocks\"><\/div><\/div><\/div>\n<\/div><\/div><\/div>\n<\/div><\/div>\n\n\n\n<div class=\"wp-block-stackable-heading alignfull stk-block-heading stk-block-heading--v2 stk-block stk-ad28904 stk-block-background\" id=\"actualidad\" data-block-id=\"ad28904\"><style>.stk-ad28904 .stk-block-heading__top-line{height:2px !important;width:0px !important;background-color:#fffffe !important;margin-left:auto !important;margin-right:0 !important;}.stk-ad28904 .stk-block-heading__bottom-line{height:2px !important;width:48px !important;background-color:var(--theme-palette-color-10, #ffffff) !important;margin-left:0 !important;margin-right:auto !important;}.stk-ad28904 {background-color:var(--theme-palette-color-1, #00a1c8) !important;align-items:center !important;margin-top:var(--stk--preset--spacing--none, 0px) !important;margin-bottom:var(--stk--preset--spacing--none, 0px) !important;margin-left:var(--stk--preset--spacing--none, 0px) !important;display:flex !important;}.stk-ad28904:before{background-color:var(--theme-palette-color-1, #00a1c8) !important;}.stk-ad28904 .stk-block-heading__text{font-size:48px !important;color:var(--theme-palette-color-7, #FBFBFC) !important;text-transform:uppercase !important;font-family:\"Rubik\", Sans-serif !important;}@media screen and (max-width:999px){.stk-ad28904 .stk-block-heading__text{font-size:34px !important;}}@media screen and (max-width:689px){.stk-ad28904 .stk-block-heading__top-line{margin-left:0 !important;margin-right:auto !important;}.stk-ad28904 .stk-block-heading__text{font-size:16px !important;}}<\/style><div class=\"stk-block-heading__top-line\"><\/div><h1 class=\"stk-block-heading__text has-text-color has-text-align-center\">actualidad<\/h1><div class=\"stk-block-heading__bottom-line\"><\/div><\/div>\n\n\n\n<div class=\"wp-block-stackable-columns alignfull stk-block-columns stk-block stk-74299a9 stk-block-background\" data-block-id=\"74299a9\"><style>.stk-74299a9 {background-color:var(--theme-palette-color-1, #00a1c8) !important;margin-top:-32px !important;margin-bottom:37px !important;}.stk-74299a9:before{background-color:var(--theme-palette-color-1, #00a1c8) !important;}.stk-74299a9-column{flex-wrap:wrap !important;--stk-flex-grow:0 !important;}@media screen and (max-width:689px){.stk-74299a9 {margin-top:-16px !important;}.stk-74299a9-column{--stk-columns-spacing:0px !important;}}<\/style><div class=\"stk-row stk-inner-blocks stk-block-content stk-content-align stk-74299a9-column alignwide\">\n<div class=\"wp-block-stackable-column stk-block-column stk-column stk-block stk-73a1fbc\" data-v=\"4\" data-block-id=\"73a1fbc\"><style>@media screen and (min-width:690px){.stk-73a1fbc {flex:var(--stk-flex-grow, 1) 1 calc(45% - var(--stk-column-gap, 0px) * 2 \/ 3 ) !important;}}@media screen and (min-width:690px) and (max-width:999px){.stk-73a1fbc {flex:var(--stk-flex-grow, 1) 1 calc(100% - var(--stk-column-gap, 0px) * 0 \/ 1 ) !important;}}@media screen and (max-width:689px){.stk-73a1fbc {flex:var(--stk-flex-grow, 1) 1 calc(100% - var(--stk-column-gap, 0px) * 0 \/ 1 ) !important;}}<\/style><div class=\"stk-column-wrapper stk-block-column__content stk-container stk-73a1fbc-container stk--no-background stk--no-padding\"><div class=\"stk-block-content stk-inner-blocks stk-73a1fbc-inner-blocks\">\n<div class=\"wp-block-stackable-posts alignwide stk-block-posts stk-block stk-9e07cb1 stk-block-posts--style-oli is-style-default\" data-v=\"2\" data-block-id=\"9e07cb1\"><style>.stk-9e07cb1 {--stk-columns:1 !important;}.stk-9e07cb1-container .stk-button{background:var(--theme-palette-color-10, #ffffff) !important;}.stk-9e07cb1 .stk-block-posts__title{margin-bottom:0px !important;}.stk-9e07cb1 .stk-block-posts__meta{margin-bottom:0px !important;color:var(--theme-palette-color-10, #ffffff) !important;}.stk-9e07cb1 .stk-img-wrapper{height:337px !important;}.stk-9e07cb1 .stk-block-posts__title a{font-size:37px !important;color:var(--theme-palette-color-10, #ffffff) !important;line-height:1.2em !important;font-family:\"Rubik\", Sans-serif !important;}.stk-9e07cb1 .stk-block-posts__category, .stk-9e07cb1 .stk-block-posts__category a .stk-button__inner-text{font-size:21px !important;color:var(--theme-palette-color-1, #00a1c8) !important;}.stk-9e07cb1 .stk-block-posts__excerpt p{font-size:22px !important;color:var(--theme-palette-color-10, #ffffff) !important;}@media screen and (max-width:999px){.stk-9e07cb1 .stk-block-posts__title a{font-size:37px !important;}.stk-9e07cb1 .stk-block-posts__category, .stk-9e07cb1 .stk-block-posts__category a .stk-button__inner-text{font-size:21px !important;}.stk-9e07cb1 .stk-block-posts__excerpt p{font-size:22px !important;}}@media screen and (max-width:689px){.stk-9e07cb1 .stk-img-wrapper{height:150px !important;}.stk-9e07cb1 .stk-block-posts__title a{font-size:18px !important;}.stk-9e07cb1 .stk-block-posts__category, .stk-9e07cb1 .stk-block-posts__category a .stk-button__inner-text{font-size:11px !important;}.stk-9e07cb1 .stk-block-posts__excerpt p{font-size:13px !important;}}<\/style><div class=\"stk-inner-blocks stk-content-align stk-9e07cb1-column alignwide\"><div class=\"stk-block-posts__items\"><div class=\"stk-block-posts__item\"><div class=\"stk-container stk-9e07cb1-container stk--no-background stk--no-padding\"><article><a href=\"https:\/\/elpuclitico.cl\/index.php\/2026\/09\/04\/mananas-mas-oscuras-tardes-mas-largas-este-sabado-5-de-septiembre-inicia-el-horario-de-verano\/\" class=\"stk-block-posts__image-link\"><figure class=\"stk-img-wrapper stk-image--shape-stretch\"><img decoding=\"async\" width=\"2400\" height=\"1350\" src=\"https:\/\/elpuclitico.cl\/wp-content\/uploads\/2026\/09\/horario.jpg\" class=\"attachment-full size-full wp-post-image\" alt=\"\" srcset=\"https:\/\/elpuclitico.cl\/wp-content\/uploads\/2026\/09\/horario.jpg 2400w, https:\/\/elpuclitico.cl\/wp-content\/uploads\/2026\/09\/horario-300x169.jpg 300w, https:\/\/elpuclitico.cl\/wp-content\/uploads\/2026\/09\/horario-1024x576.jpg 1024w, https:\/\/elpuclitico.cl\/wp-content\/uploads\/2026\/09\/horario-768x432.jpg 768w, https:\/\/elpuclitico.cl\/wp-content\/uploads\/2026\/09\/horario-1536x864.jpg 1536w, https:\/\/elpuclitico.cl\/wp-content\/uploads\/2026\/09\/horario-2048x1152.jpg 2048w\" sizes=\"(max-width: 2400px) 100vw, 2400px\" \/><\/figure><\/a><div class=\"stk-block-posts__category stk-subtitle has-text-color\"><a class=\"stk-button\" href=\"https:\/\/elpuclitico.cl\/index.php\/category\/actualidad\/\" rel=\"category tag\"><span class=\"stk-button__inner-text\">Actualidad<\/span><\/a><\/div><h3 class=\"stk-block-posts__title has-text-align-left has-text-color\"><a href='https:\/\/elpuclitico.cl\/index.php\/2026\/09\/04\/mananas-mas-oscuras-tardes-mas-largas-este-sabado-5-de-septiembre-inicia-el-horario-de-verano\/'>Ma\u00f1anas m\u00e1s oscuras, tardes m\u00e1s largas: este s\u00e1bado 5 de septiembre inicia el horario de verano<\/a><\/h3><div class=\"stk-block-posts__meta stk-subtitle has-text-color\"><time datetime=\"2026-09-04T00:56:59+00:00\">4 de septiembre de 2026<\/time><\/div><div class=\"stk-block-posts__excerpt has-text-align-left has-text-color\"><p>Con este cambio, los alumnos que tienen clases en el primer bloque saldr\u00e1n de sus&hellip;<\/p>\n<\/div><\/article><\/div><\/div><\/div><div class=\"stk-inner-blocks\"><\/div><\/div><\/div>\n<\/div><\/div><\/div>\n\n\n\n<div class=\"wp-block-stackable-column stk-block-column stk-column stk-block stk-619f643\" data-v=\"4\" data-block-id=\"619f643\"><style>@media screen and (min-width:690px){.stk-619f643 {flex:var(--stk-flex-grow, 1) 1 calc(27.5% - var(--stk-column-gap, 0px) * 2 \/ 3 ) !important;}}@media screen and (min-width:690px) and (max-width:999px){.stk-619f643 {flex:var(--stk-flex-grow, 1) 1 calc(50% - var(--stk-column-gap, 0px) * 2 \/ 3 ) !important;}}@media screen and (max-width:689px){.stk-619f643 {flex:var(--stk-flex-grow, 1) 1 calc(100% - var(--stk-column-gap, 0px) * 0 \/ 1 ) !important;}}<\/style><div class=\"stk-column-wrapper stk-block-column__content stk-container stk-619f643-container stk--no-background stk--no-padding\"><div class=\"stk-block-content stk-inner-blocks stk-619f643-inner-blocks\">\n<div class=\"wp-block-stackable-posts stk-block-posts stk-block stk-befb97b stk-block-posts--style-oli is-style-default\" data-v=\"2\" data-block-id=\"befb97b\"><style>.stk-befb97b {--stk-columns:1 !important;}.stk-befb97b-container .stk-button{background:var(--theme-palette-color-10, #ffffff) !important;}.stk-befb97b .stk-img-wrapper{height:112px !important;}.stk-befb97b .stk-block-posts__title a{font-size:20px !important;color:var(--theme-palette-color-10, #ffffff) !important;font-family:\"Rubik\", Sans-serif !important;}.stk-befb97b .stk-block-posts__category, .stk-befb97b .stk-block-posts__category a .stk-button__inner-text{font-size:15px !important;color:var(--theme-palette-color-1, #00a1c8) !important;}.stk-befb97b .stk-block-posts__meta{color:var(--theme-palette-color-10, #ffffff) !important;}@media screen and (max-width:999px){.stk-befb97b .stk-block-posts__title a{font-size:20px !important;}.stk-befb97b .stk-block-posts__category, .stk-befb97b .stk-block-posts__category a .stk-button__inner-text{font-size:15px !important;}}@media screen and (max-width:689px){.stk-befb97b {--stk-columns:2 !important;--stk-column-gap:8px !important;}.stk-befb97b .stk-img-wrapper{height:70px !important;}.stk-befb97b .stk-block-posts__title a{font-size:14px !important;}.stk-befb97b .stk-block-posts__category, .stk-befb97b .stk-block-posts__category a .stk-button__inner-text{font-size:9px !important;}.stk-befb97b .stk-block-posts__meta{font-size:12px !important;}.stk-befb97b .stk-block-posts__items{row-gap:8px !important;}}<\/style><div class=\"stk-inner-blocks stk-content-align stk-befb97b-column\"><div class=\"stk-block-posts__items\"><div class=\"stk-block-posts__item\"><div class=\"stk-container stk-befb97b-container stk--no-background stk--no-padding\"><article><a href=\"https:\/\/elpuclitico.cl\/index.php\/2026\/09\/01\/se-constituye-tricel-para-elecciones-feuc-2027\/\" class=\"stk-block-posts__image-link\"><figure class=\"stk-img-wrapper stk-image--shape-stretch\"><img loading=\"lazy\" decoding=\"async\" width=\"1920\" height=\"1080\" src=\"https:\/\/elpuclitico.cl\/wp-content\/uploads\/2026\/09\/PUCLITICO-PORTADA-WEB-GENERAL-WEB2-17.png\" class=\"attachment-full size-full wp-post-image\" alt=\"\" srcset=\"https:\/\/elpuclitico.cl\/wp-content\/uploads\/2026\/09\/PUCLITICO-PORTADA-WEB-GENERAL-WEB2-17.png 1920w, https:\/\/elpuclitico.cl\/wp-content\/uploads\/2026\/09\/PUCLITICO-PORTADA-WEB-GENERAL-WEB2-17-300x169.png 300w, https:\/\/elpuclitico.cl\/wp-content\/uploads\/2026\/09\/PUCLITICO-PORTADA-WEB-GENERAL-WEB2-17-1024x576.png 1024w, https:\/\/elpuclitico.cl\/wp-content\/uploads\/2026\/09\/PUCLITICO-PORTADA-WEB-GENERAL-WEB2-17-768x432.png 768w, https:\/\/elpuclitico.cl\/wp-content\/uploads\/2026\/09\/PUCLITICO-PORTADA-WEB-GENERAL-WEB2-17-1536x864.png 1536w\" sizes=\"(max-width: 1920px) 100vw, 1920px\" \/><\/figure><\/a><div class=\"stk-block-posts__category stk-subtitle has-text-color\"><a class=\"stk-button\" href=\"https:\/\/elpuclitico.cl\/index.php\/category\/actualidad\/\" rel=\"category tag\"><span class=\"stk-button__inner-text\">Actualidad<\/span><\/a>, <a class=\"stk-button\" href=\"https:\/\/elpuclitico.cl\/index.php\/category\/politicauniversitaria\/elecciones-feuc-2027\/\" rel=\"category tag\"><span class=\"stk-button__inner-text\">Elecciones FEUC 2027<\/span><\/a>, <a class=\"stk-button\" href=\"https:\/\/elpuclitico.cl\/index.php\/category\/politicauniversitaria\/\" rel=\"category tag\"><span class=\"stk-button__inner-text\">Pol\u00edtica Universitaria<\/span><\/a><\/div><h3 class=\"stk-block-posts__title has-text-align-left has-text-color\"><a href='https:\/\/elpuclitico.cl\/index.php\/2026\/09\/01\/se-constituye-tricel-para-elecciones-feuc-2027\/'>Se constituye TRICEL para elecciones FEUC 2027<\/a><\/h3><div class=\"stk-block-posts__meta stk-subtitle has-text-color\"><time datetime=\"2026-09-01T01:55:29+00:00\">1 de septiembre de 2026<\/time><\/div><\/article><\/div><\/div><div class=\"stk-block-posts__item\"><div class=\"stk-container stk-befb97b-container stk--no-background stk--no-padding\"><article><a href=\"https:\/\/elpuclitico.cl\/index.php\/2026\/09\/01\/consejo-feuc-se-aprueba-someter-a-votacion-territorial-la-paralizacion-del-11-de-septiembre\/\" class=\"stk-block-posts__image-link\"><figure class=\"stk-img-wrapper stk-image--shape-stretch\"><img loading=\"lazy\" decoding=\"async\" width=\"1920\" height=\"1080\" src=\"https:\/\/elpuclitico.cl\/wp-content\/uploads\/2026\/09\/PUCLITICO-PORTADA-WEB-GENERAL-WEB2-18-1.png\" class=\"attachment-full size-full wp-post-image\" alt=\"\" srcset=\"https:\/\/elpuclitico.cl\/wp-content\/uploads\/2026\/09\/PUCLITICO-PORTADA-WEB-GENERAL-WEB2-18-1.png 1920w, https:\/\/elpuclitico.cl\/wp-content\/uploads\/2026\/09\/PUCLITICO-PORTADA-WEB-GENERAL-WEB2-18-1-300x169.png 300w, https:\/\/elpuclitico.cl\/wp-content\/uploads\/2026\/09\/PUCLITICO-PORTADA-WEB-GENERAL-WEB2-18-1-1024x576.png 1024w, https:\/\/elpuclitico.cl\/wp-content\/uploads\/2026\/09\/PUCLITICO-PORTADA-WEB-GENERAL-WEB2-18-1-768x432.png 768w, https:\/\/elpuclitico.cl\/wp-content\/uploads\/2026\/09\/PUCLITICO-PORTADA-WEB-GENERAL-WEB2-18-1-1536x864.png 1536w\" sizes=\"(max-width: 1920px) 100vw, 1920px\" \/><\/figure><\/a><div class=\"stk-block-posts__category stk-subtitle has-text-color\"><a class=\"stk-button\" href=\"https:\/\/elpuclitico.cl\/index.php\/category\/actualidad\/\" rel=\"category tag\"><span class=\"stk-button__inner-text\">Actualidad<\/span><\/a>, <a class=\"stk-button\" href=\"https:\/\/elpuclitico.cl\/index.php\/category\/politicauniversitaria\/\" rel=\"category tag\"><span class=\"stk-button__inner-text\">Pol\u00edtica Universitaria<\/span><\/a><\/div><h3 class=\"stk-block-posts__title has-text-align-left has-text-color\"><a href='https:\/\/elpuclitico.cl\/index.php\/2026\/09\/01\/consejo-feuc-se-aprueba-someter-a-votacion-territorial-la-paralizacion-del-11-de-septiembre\/'>Consejo FEUC: Se aprueba someter a votaci\u00f3n territorial la paralizaci\u00f3n del 11 de septiembre<\/a><\/h3><div class=\"stk-block-posts__meta stk-subtitle has-text-color\"><time datetime=\"2026-09-01T01:04:59+00:00\">1 de septiembre de 2026<\/time><\/div><\/article><\/div><\/div><\/div><div class=\"stk-inner-blocks\"><\/div><\/div><\/div>\n<\/div><\/div><\/div>\n\n\n\n<div class=\"wp-block-stackable-column stk-block-column stk-column stk-block stk-ac8063b\" data-v=\"4\" data-block-id=\"ac8063b\"><style>@media screen and (min-width:690px){.stk-ac8063b {flex:var(--stk-flex-grow, 1) 1 calc(27.5% - var(--stk-column-gap, 0px) * 2 \/ 3 ) !important;}}@media screen and (min-width:690px) and (max-width:999px){.stk-ac8063b {flex:var(--stk-flex-grow, 1) 1 calc(50% - var(--stk-column-gap, 0px) * 2 \/ 3 ) !important;}}@media screen and (max-width:689px){.stk-ac8063b {flex:var(--stk-flex-grow, 1) 1 calc(100% - var(--stk-column-gap, 0px) * 0 \/ 1 ) !important;}}<\/style><div class=\"stk-column-wrapper stk-block-column__content stk-container stk-ac8063b-container stk--no-background stk--no-padding\"><div class=\"stk-block-content stk-inner-blocks stk-ac8063b-inner-blocks\">\n<div class=\"wp-block-stackable-posts stk-block-posts stk-block stk-3cbc1b7 stk-block-posts--style-oli is-style-default\" data-v=\"2\" data-block-id=\"3cbc1b7\"><style>.stk-3cbc1b7 {--stk-columns:1 !important;}.stk-3cbc1b7-container .stk-button{background:var(--theme-palette-color-10, #ffffff) !important;}.stk-3cbc1b7 .stk-img-wrapper{height:112px !important;}.stk-3cbc1b7 .stk-block-posts__title a{font-size:20px !important;color:var(--theme-palette-color-10, #ffffff) !important;font-family:\"Rubik\", Sans-serif !important;}.stk-3cbc1b7 .stk-block-posts__category, .stk-3cbc1b7 .stk-block-posts__category a .stk-button__inner-text{font-size:15px !important;color:var(--theme-palette-color-1, #00a1c8) !important;}.stk-3cbc1b7 .stk-block-posts__meta{color:var(--theme-palette-color-10, #ffffff) !important;}@media screen and (max-width:999px){.stk-3cbc1b7 .stk-block-posts__title a{font-size:20px !important;}.stk-3cbc1b7 .stk-block-posts__category, .stk-3cbc1b7 .stk-block-posts__category a .stk-button__inner-text{font-size:15px !important;}}@media screen and (max-width:689px){.stk-3cbc1b7 {--stk-columns:2 !important;}.stk-3cbc1b7 .stk-img-wrapper{height:70px !important;}.stk-3cbc1b7 .stk-block-posts__title a{font-size:14px !important;}.stk-3cbc1b7 .stk-block-posts__category, .stk-3cbc1b7 .stk-block-posts__category a .stk-button__inner-text{font-size:9px !important;}.stk-3cbc1b7 .stk-block-posts__meta{font-size:12px !important;}}<\/style><div class=\"stk-inner-blocks stk-content-align stk-3cbc1b7-column\"><div class=\"stk-block-posts__items\"><div class=\"stk-block-posts__item\"><div class=\"stk-container stk-3cbc1b7-container stk--no-background stk--no-padding\"><article><a href=\"https:\/\/elpuclitico.cl\/index.php\/2026\/08\/31\/estudiante-uc-lidera-competencia-internacional-y-obtiene-pasantia-en-china\/\" class=\"stk-block-posts__image-link\"><figure class=\"stk-img-wrapper stk-image--shape-stretch\"><img loading=\"lazy\" decoding=\"async\" width=\"1920\" height=\"1080\" src=\"https:\/\/elpuclitico.cl\/wp-content\/uploads\/2026\/08\/PUCLITICO-PORTADA-WEB-GENERAL-WEB2-15.png\" class=\"attachment-full size-full wp-post-image\" alt=\"\" srcset=\"https:\/\/elpuclitico.cl\/wp-content\/uploads\/2026\/08\/PUCLITICO-PORTADA-WEB-GENERAL-WEB2-15.png 1920w, https:\/\/elpuclitico.cl\/wp-content\/uploads\/2026\/08\/PUCLITICO-PORTADA-WEB-GENERAL-WEB2-15-300x169.png 300w, https:\/\/elpuclitico.cl\/wp-content\/uploads\/2026\/08\/PUCLITICO-PORTADA-WEB-GENERAL-WEB2-15-1024x576.png 1024w, https:\/\/elpuclitico.cl\/wp-content\/uploads\/2026\/08\/PUCLITICO-PORTADA-WEB-GENERAL-WEB2-15-768x432.png 768w, https:\/\/elpuclitico.cl\/wp-content\/uploads\/2026\/08\/PUCLITICO-PORTADA-WEB-GENERAL-WEB2-15-1536x864.png 1536w\" sizes=\"(max-width: 1920px) 100vw, 1920px\" \/><\/figure><\/a><div class=\"stk-block-posts__category stk-subtitle has-text-color\"><a class=\"stk-button\" href=\"https:\/\/elpuclitico.cl\/index.php\/category\/actualidad\/\" rel=\"category tag\"><span class=\"stk-button__inner-text\">Actualidad<\/span><\/a><\/div><h3 class=\"stk-block-posts__title has-text-align-left has-text-color\"><a href='https:\/\/elpuclitico.cl\/index.php\/2026\/08\/31\/estudiante-uc-lidera-competencia-internacional-y-obtiene-pasantia-en-china\/'>Estudiante UC lidera competencia internacional y obtiene pasant\u00eda en China<\/a><\/h3><div class=\"stk-block-posts__meta stk-subtitle has-text-color\"><time datetime=\"2026-08-31T15:38:12+00:00\">31 de agosto de 2026<\/time><\/div><\/article><\/div><\/div><div class=\"stk-block-posts__item\"><div class=\"stk-container stk-3cbc1b7-container stk--no-background stk--no-padding\"><article><a href=\"https:\/\/elpuclitico.cl\/index.php\/2026\/08\/31\/socol-debuta-entre-cuestionamientos-de-estudiantes-de-college\/\" class=\"stk-block-posts__image-link\"><figure class=\"stk-img-wrapper stk-image--shape-stretch\"><img loading=\"lazy\" decoding=\"async\" width=\"1920\" height=\"1080\" src=\"https:\/\/elpuclitico.cl\/wp-content\/uploads\/2026\/08\/PUCLITICO-PORTADA-WEB-GENERAL-WEB2-13.png\" class=\"attachment-full size-full wp-post-image\" alt=\"\" srcset=\"https:\/\/elpuclitico.cl\/wp-content\/uploads\/2026\/08\/PUCLITICO-PORTADA-WEB-GENERAL-WEB2-13.png 1920w, https:\/\/elpuclitico.cl\/wp-content\/uploads\/2026\/08\/PUCLITICO-PORTADA-WEB-GENERAL-WEB2-13-300x169.png 300w, https:\/\/elpuclitico.cl\/wp-content\/uploads\/2026\/08\/PUCLITICO-PORTADA-WEB-GENERAL-WEB2-13-1024x576.png 1024w, https:\/\/elpuclitico.cl\/wp-content\/uploads\/2026\/08\/PUCLITICO-PORTADA-WEB-GENERAL-WEB2-13-768x432.png 768w, https:\/\/elpuclitico.cl\/wp-content\/uploads\/2026\/08\/PUCLITICO-PORTADA-WEB-GENERAL-WEB2-13-1536x864.png 1536w\" sizes=\"(max-width: 1920px) 100vw, 1920px\" \/><\/figure><\/a><div class=\"stk-block-posts__category stk-subtitle has-text-color\"><a class=\"stk-button\" href=\"https:\/\/elpuclitico.cl\/index.php\/category\/actualidad\/\" rel=\"category tag\"><span class=\"stk-button__inner-text\">Actualidad<\/span><\/a><\/div><h3 class=\"stk-block-posts__title has-text-align-left has-text-color\"><a href='https:\/\/elpuclitico.cl\/index.php\/2026\/08\/31\/socol-debuta-entre-cuestionamientos-de-estudiantes-de-college\/'>SOCOL debuta entre cuestionamientos de estudiantes de College<\/a><\/h3><div class=\"stk-block-posts__meta stk-subtitle has-text-color\"><time datetime=\"2026-08-31T01:16:08+00:00\">31 de agosto de 2026<\/time><\/div><\/article><\/div><\/div><\/div><div class=\"stk-inner-blocks\"><\/div><\/div><\/div>\n<\/div><\/div><\/div>\n\n\n\n<div class=\"wp-block-stackable-column stk-block-column stk-column stk-block stk-e998362\" data-v=\"4\" data-block-id=\"e998362\"><style>@media screen and (max-width:689px){.stk-e998362 {flex:var(--stk-flex-grow, 1) 1 calc(100% - var(--stk-column-gap, 0px) * 0 \/ 1 ) !important;}}<\/style><div class=\"stk-column-wrapper stk-block-column__content stk-container stk-e998362-container stk--no-background stk--no-padding\"><div class=\"stk-block-content stk-inner-blocks stk-e998362-inner-blocks\"><\/div><\/div><\/div>\n<\/div><\/div>\n\n\n\n<div class=\"wp-block-stackable-heading alignfull stk-block-heading stk-block-heading--v2 stk-block stk-8c01409\" id=\"deportes\" data-block-id=\"8c01409\"><style>.stk-8c01409 .stk-block-heading__top-line{background-color:#0f0e17 !important;margin-left:auto !important;margin-right:0 !important;}.stk-8c01409 .stk-block-heading__bottom-line{height:5px !important;width:96px !important;background-color:#0f0e17 !important;margin-left:0 !important;margin-right:auto !important;}.stk-8c01409 {align-items:center !important;margin-top:var(--stk--preset--spacing--50, 1.5rem) !important;margin-bottom:var(--stk--preset--spacing--none, 0px) !important;margin-left:var(--stk--preset--spacing--none, 0px) !important;display:flex !important;}.stk-8c01409 .stk-block-heading__text{font-size:48px !important;color:#0f0e17 !important;text-transform:uppercase !important;font-family:\"Rubik\", Sans-serif !important;}@media screen and (max-width:999px){.stk-8c01409 .stk-block-heading__text{font-size:48px !important;}}@media screen and (max-width:689px){.stk-8c01409 .stk-block-heading__text{font-size:21px !important;}}<\/style><div class=\"stk-block-heading__top-line\"><\/div><h2 class=\"stk-block-heading__text has-text-color has-text-align-center\">deportes<\/h2><div class=\"stk-block-heading__bottom-line\"><\/div><\/div>\n\n\n\n<div class=\"wp-block-stackable-columns alignfull stk-block-columns stk-block stk-f6c0a57\" data-block-id=\"f6c0a57\"><style>.stk-f6c0a57 {margin-top:var(--stk--preset--spacing--none, 0px) !important;}.stk-f6c0a57-column{flex-wrap:wrap !important;--stk-flex-grow:0 !important;}@media screen and (max-width:689px){.stk-f6c0a57-column{--stk-columns-spacing:0px !important;}}<\/style><div class=\"stk-row stk-inner-blocks stk-block-content stk-content-align stk-f6c0a57-column alignwide\">\n<div class=\"wp-block-stackable-column stk-block-column stk-column stk-block stk-82cee4e\" data-v=\"4\" data-block-id=\"82cee4e\"><style>@media screen and (min-width:690px){.stk-82cee4e {flex:var(--stk-flex-grow, 1) 1 calc(100% - var(--stk-column-gap, 0px) * 0 \/ 1 ) !important;}}@media screen and (min-width:690px) and (max-width:999px){.stk-82cee4e {flex:var(--stk-flex-grow, 1) 1 calc(100% - var(--stk-column-gap, 0px) * 1 \/ 2 ) !important;}}<\/style><div class=\"stk-column-wrapper stk-block-column__content stk-container stk-82cee4e-container stk--no-background stk--no-padding\"><div class=\"stk-block-content stk-inner-blocks stk-82cee4e-inner-blocks\">\n<div class=\"wp-block-stackable-posts stk-block-posts stk-block stk-d365624 stk-block-posts--style-oli is-style-default\" data-v=\"2\" data-block-id=\"d365624\"><style>.stk-d365624 {--stk-columns:2 !important;}.stk-d365624-container .stk-button{background:var(--theme-palette-color-1, #00a1c8) !important;}.stk-d365624 .stk-block-posts__title{margin-bottom:0px !important;}.stk-d365624 .stk-block-posts__meta{margin-bottom:0px !important;}.stk-d365624 .stk-img-wrapper{height:337px !important;}.stk-d365624 .stk-block-posts__title a{font-size:37px !important;color:#0f0e17 !important;line-height:1.2em !important;font-family:\"rubik\", Sans-serif !important;}.stk-d365624 .stk-block-posts__category, .stk-d365624 .stk-block-posts__category a .stk-button__inner-text{font-size:21px !important;}.stk-d365624 .stk-block-posts__excerpt p{font-size:22px !important;}@media screen and (max-width:999px){.stk-d365624 {--stk-columns:1 !important;--stk-column-gap:13px !important;}.stk-d365624 .stk-block-posts__title a{font-size:37px !important;}.stk-d365624 .stk-block-posts__category, .stk-d365624 .stk-block-posts__category a .stk-button__inner-text{font-size:21px !important;}.stk-d365624 .stk-block-posts__excerpt p{font-size:22px !important;}}@media screen and (max-width:689px){.stk-d365624 {--stk-columns:1 !important;}.stk-d365624 .stk-img-wrapper{height:150px !important;}.stk-d365624 .stk-img-wrapper img{object-position:38% 28.000000000000004% !important;}.stk-d365624 .stk-block-posts__title a{font-size:18px !important;}.stk-d365624 .stk-block-posts__category, .stk-d365624 .stk-block-posts__category a .stk-button__inner-text{font-size:11px !important;}.stk-d365624 .stk-block-posts__excerpt p{font-size:13px !important;}.stk-d365624 .stk-block-posts__items{row-gap:12px !important;}}<\/style><div class=\"stk-inner-blocks stk-content-align stk-d365624-column\"><div class=\"stk-block-posts__items\"><div class=\"stk-block-posts__item\"><div class=\"stk-container stk-d365624-container stk--no-background stk--no-padding\"><article><a href=\"https:\/\/elpuclitico.cl\/index.php\/2026\/08\/29\/sofia-contreras-septima-del-mundo-en-salto-largo-ojala-en-un-futuro-pueda-representar-a-chile-en-los-juegos-olimpicos\/\" class=\"stk-block-posts__image-link\"><figure class=\"stk-img-wrapper stk-image--shape-stretch\"><img loading=\"lazy\" decoding=\"async\" width=\"1920\" height=\"1080\" src=\"https:\/\/elpuclitico.cl\/wp-content\/uploads\/2026\/08\/PUCLITICO-PORTADA-WEB-GENERAL-WEB2-9.png\" class=\"attachment-full size-full wp-post-image\" alt=\"\" srcset=\"https:\/\/elpuclitico.cl\/wp-content\/uploads\/2026\/08\/PUCLITICO-PORTADA-WEB-GENERAL-WEB2-9.png 1920w, https:\/\/elpuclitico.cl\/wp-content\/uploads\/2026\/08\/PUCLITICO-PORTADA-WEB-GENERAL-WEB2-9-300x169.png 300w, https:\/\/elpuclitico.cl\/wp-content\/uploads\/2026\/08\/PUCLITICO-PORTADA-WEB-GENERAL-WEB2-9-1024x576.png 1024w, https:\/\/elpuclitico.cl\/wp-content\/uploads\/2026\/08\/PUCLITICO-PORTADA-WEB-GENERAL-WEB2-9-768x432.png 768w, https:\/\/elpuclitico.cl\/wp-content\/uploads\/2026\/08\/PUCLITICO-PORTADA-WEB-GENERAL-WEB2-9-1536x864.png 1536w\" sizes=\"(max-width: 1920px) 100vw, 1920px\" \/><\/figure><\/a><div class=\"stk-block-posts__category stk-subtitle\"><a class=\"stk-button\" href=\"https:\/\/elpuclitico.cl\/index.php\/category\/deportes\/\" rel=\"category tag\"><span class=\"stk-button__inner-text\">Deportes<\/span><\/a>, <a class=\"stk-button\" href=\"https:\/\/elpuclitico.cl\/index.php\/category\/entrevistas\/\" rel=\"category tag\"><span class=\"stk-button__inner-text\">Entrevistas<\/span><\/a><\/div><h3 class=\"stk-block-posts__title has-text-align-left has-text-color\"><a href='https:\/\/elpuclitico.cl\/index.php\/2026\/08\/29\/sofia-contreras-septima-del-mundo-en-salto-largo-ojala-en-un-futuro-pueda-representar-a-chile-en-los-juegos-olimpicos\/'>Sof\u00eda Contreras, s\u00e9ptima del mundo en salto largo: \u201cOjal\u00e1 en un futuro pueda representar a Chile en los Juegos Ol\u00edmpicos\u201d<\/a><\/h3><div class=\"stk-block-posts__meta stk-subtitle\"><time datetime=\"2026-08-29T01:31:19+00:00\">29 de agosto de 2026<\/time><\/div><\/article><\/div><\/div><div class=\"stk-block-posts__item\"><div class=\"stk-container stk-d365624-container stk--no-background stk--no-padding\"><article><a href=\"https:\/\/elpuclitico.cl\/index.php\/2026\/08\/01\/elena-saavedra-bronce-en-los-juegos-fisu-en-levantamiento-de-pesas-la-fuerza-no-es-exclusiva-de-un-genero-y-el-deporte-va-mucho-mas-alla-de-lo-estetico\/\" class=\"stk-block-posts__image-link\"><figure class=\"stk-img-wrapper stk-image--shape-stretch\"><img loading=\"lazy\" decoding=\"async\" width=\"1920\" height=\"1080\" src=\"https:\/\/elpuclitico.cl\/wp-content\/uploads\/2026\/08\/PUCLITICO-PORTADA-WEB-GENERAL-WEB2-7.jpg\" class=\"attachment-full size-full wp-post-image\" alt=\"\" srcset=\"https:\/\/elpuclitico.cl\/wp-content\/uploads\/2026\/08\/PUCLITICO-PORTADA-WEB-GENERAL-WEB2-7.jpg 1920w, https:\/\/elpuclitico.cl\/wp-content\/uploads\/2026\/08\/PUCLITICO-PORTADA-WEB-GENERAL-WEB2-7-300x169.jpg 300w, https:\/\/elpuclitico.cl\/wp-content\/uploads\/2026\/08\/PUCLITICO-PORTADA-WEB-GENERAL-WEB2-7-1024x576.jpg 1024w, https:\/\/elpuclitico.cl\/wp-content\/uploads\/2026\/08\/PUCLITICO-PORTADA-WEB-GENERAL-WEB2-7-768x432.jpg 768w, https:\/\/elpuclitico.cl\/wp-content\/uploads\/2026\/08\/PUCLITICO-PORTADA-WEB-GENERAL-WEB2-7-1536x864.jpg 1536w\" sizes=\"(max-width: 1920px) 100vw, 1920px\" \/><\/figure><\/a><div class=\"stk-block-posts__category stk-subtitle\"><a class=\"stk-button\" href=\"https:\/\/elpuclitico.cl\/index.php\/category\/deportes\/\" rel=\"category tag\"><span class=\"stk-button__inner-text\">Deportes<\/span><\/a>, <a class=\"stk-button\" href=\"https:\/\/elpuclitico.cl\/index.php\/category\/entrevistas\/\" rel=\"category tag\"><span class=\"stk-button__inner-text\">Entrevistas<\/span><\/a><\/div><h3 class=\"stk-block-posts__title has-text-align-left has-text-color\"><a href='https:\/\/elpuclitico.cl\/index.php\/2026\/08\/01\/elena-saavedra-bronce-en-los-juegos-fisu-en-levantamiento-de-pesas-la-fuerza-no-es-exclusiva-de-un-genero-y-el-deporte-va-mucho-mas-alla-de-lo-estetico\/'>Elena Saavedra, bronce en los juegos FISU en levantamiento de pesas: \u201cLa fuerza no es exclusiva de un g\u00e9nero y el deporte va mucho m\u00e1s all\u00e1 de lo est\u00e9tico\u201d<\/a><\/h3><div class=\"stk-block-posts__meta stk-subtitle\"><time datetime=\"2026-08-01T01:30:41+00:00\">1 de agosto de 2026<\/time><\/div><\/article><\/div><\/div><\/div><div class=\"stk-inner-blocks\"><\/div><\/div><\/div>\n<\/div><\/div><\/div>\n\n\n\n<div class=\"wp-block-stackable-column stk-block-column stk-column stk-block stk-110ec78\" data-v=\"4\" data-block-id=\"110ec78\"><style>@media screen and (min-width:690px){.stk-110ec78 {flex:var(--stk-flex-grow, 1) 1 calc(100% - var(--stk-column-gap, 0px) * 0 \/ 1 ) !important;}}<\/style><div class=\"stk-column-wrapper stk-block-column__content stk-container stk-110ec78-container stk--no-background stk--no-padding\"><div class=\"stk-block-content stk-inner-blocks stk-110ec78-inner-blocks\">\n<div class=\"wp-block-stackable-posts stk-block-posts has-text-align-left-mobile stk-block stk-6bd5b77 stk-block-posts--style-oli is-style-default\" data-v=\"2\" data-block-id=\"6bd5b77\"><style>.stk-6bd5b77 {--stk-columns:4 !important;}.stk-6bd5b77-container .stk-button{background:var(--theme-palette-color-1, #00a1c8) !important;}.stk-6bd5b77 .stk-img-wrapper{height:167px !important;}.stk-6bd5b77 .stk-block-posts__title a{font-size:24px !important;color:#0f0e17 !important;font-family:\"Rubik\", Sans-serif !important;}.stk-6bd5b77 .stk-block-posts__category, .stk-6bd5b77 .stk-block-posts__category a .stk-button__inner-text{font-size:15px !important;}@media screen and (max-width:999px){.stk-6bd5b77 {--stk-columns:2 !important;}.stk-6bd5b77 .stk-block-posts__title a{font-size:24px !important;}.stk-6bd5b77 .stk-block-posts__category, .stk-6bd5b77 .stk-block-posts__category a .stk-button__inner-text{font-size:15px !important;}}@media screen and (max-width:689px){.stk-6bd5b77 {--stk-columns:2 !important;--stk-column-gap:8px !important;}.stk-6bd5b77 .stk-img-wrapper{height:70px !important;}.stk-6bd5b77 .stk-img-wrapper img{object-position:53% 22% !important;}.stk-6bd5b77 .stk-block-posts__title a{font-size:14px !important;}.stk-6bd5b77 .stk-block-posts__category, .stk-6bd5b77 .stk-block-posts__category a .stk-button__inner-text{font-size:9px !important;}.stk-6bd5b77 .stk-block-posts__meta{font-size:12px !important;}.stk-6bd5b77 .stk-block-posts__items{row-gap:8px !important;}}<\/style><div class=\"stk-inner-blocks stk-content-align stk-6bd5b77-column\"><div class=\"stk-block-posts__items\"><div class=\"stk-block-posts__item\"><div class=\"stk-container stk-6bd5b77-container stk--no-background stk--no-padding\"><article><a href=\"https:\/\/elpuclitico.cl\/index.php\/2026\/07\/25\/estudiante-uc-rompe-record-nacional-y-se-queda-con-el-oro-panamericano-universitario\/\" class=\"stk-block-posts__image-link\"><figure class=\"stk-img-wrapper stk-image--shape-stretch\"><img loading=\"lazy\" decoding=\"async\" width=\"1920\" height=\"1080\" src=\"https:\/\/elpuclitico.cl\/wp-content\/uploads\/2026\/07\/PUCLITICO-PORTADA-WEB-GENERAL-WEB2-1-1.jpg\" class=\"attachment-full size-full wp-post-image\" alt=\"\" srcset=\"https:\/\/elpuclitico.cl\/wp-content\/uploads\/2026\/07\/PUCLITICO-PORTADA-WEB-GENERAL-WEB2-1-1.jpg 1920w, https:\/\/elpuclitico.cl\/wp-content\/uploads\/2026\/07\/PUCLITICO-PORTADA-WEB-GENERAL-WEB2-1-1-300x169.jpg 300w, https:\/\/elpuclitico.cl\/wp-content\/uploads\/2026\/07\/PUCLITICO-PORTADA-WEB-GENERAL-WEB2-1-1-1024x576.jpg 1024w, https:\/\/elpuclitico.cl\/wp-content\/uploads\/2026\/07\/PUCLITICO-PORTADA-WEB-GENERAL-WEB2-1-1-768x432.jpg 768w, https:\/\/elpuclitico.cl\/wp-content\/uploads\/2026\/07\/PUCLITICO-PORTADA-WEB-GENERAL-WEB2-1-1-1536x864.jpg 1536w\" sizes=\"(max-width: 1920px) 100vw, 1920px\" \/><\/figure><\/a><div class=\"stk-block-posts__category stk-subtitle\"><a class=\"stk-button\" href=\"https:\/\/elpuclitico.cl\/index.php\/category\/deportes\/\" rel=\"category tag\"><span class=\"stk-button__inner-text\">Deportes<\/span><\/a><\/div><h3 class=\"stk-block-posts__title has-text-align-left has-text-color\"><a href='https:\/\/elpuclitico.cl\/index.php\/2026\/07\/25\/estudiante-uc-rompe-record-nacional-y-se-queda-con-el-oro-panamericano-universitario\/'>Estudiante UC rompe r\u00e9cord nacional y se queda con el oro panamericano universitario<\/a><\/h3><div class=\"stk-block-posts__meta stk-subtitle\"><time datetime=\"2026-07-25T19:46:06+00:00\">25 de julio de 2026<\/time><\/div><\/article><\/div><\/div><div class=\"stk-block-posts__item\"><div class=\"stk-container stk-6bd5b77-container stk--no-background stk--no-padding\"><article><a href=\"https:\/\/elpuclitico.cl\/index.php\/2026\/06\/27\/lucas-nervi-campeon-panamericano-al-estudiar-o-al-tocar-musica-soy-mejor-deportista\/\" class=\"stk-block-posts__image-link\"><figure class=\"stk-img-wrapper stk-image--shape-stretch\"><img loading=\"lazy\" decoding=\"async\" width=\"1920\" height=\"1080\" src=\"https:\/\/elpuclitico.cl\/wp-content\/uploads\/2026\/06\/NERVI.jpg\" class=\"attachment-full size-full wp-post-image\" alt=\"\" srcset=\"https:\/\/elpuclitico.cl\/wp-content\/uploads\/2026\/06\/NERVI.jpg 1920w, https:\/\/elpuclitico.cl\/wp-content\/uploads\/2026\/06\/NERVI-300x169.jpg 300w, https:\/\/elpuclitico.cl\/wp-content\/uploads\/2026\/06\/NERVI-1024x576.jpg 1024w, https:\/\/elpuclitico.cl\/wp-content\/uploads\/2026\/06\/NERVI-768x432.jpg 768w, https:\/\/elpuclitico.cl\/wp-content\/uploads\/2026\/06\/NERVI-1536x864.jpg 1536w\" sizes=\"(max-width: 1920px) 100vw, 1920px\" \/><\/figure><\/a><div class=\"stk-block-posts__category stk-subtitle\"><a class=\"stk-button\" href=\"https:\/\/elpuclitico.cl\/index.php\/category\/deportes\/\" rel=\"category tag\"><span class=\"stk-button__inner-text\">Deportes<\/span><\/a>, <a class=\"stk-button\" href=\"https:\/\/elpuclitico.cl\/index.php\/category\/entrevistas\/\" rel=\"category tag\"><span class=\"stk-button__inner-text\">Entrevistas<\/span><\/a><\/div><h3 class=\"stk-block-posts__title has-text-align-left has-text-color\"><a href='https:\/\/elpuclitico.cl\/index.php\/2026\/06\/27\/lucas-nervi-campeon-panamericano-al-estudiar-o-al-tocar-musica-soy-mejor-deportista\/'>Lucas Nervi, campe\u00f3n panamericano: \u201cAl estudiar o al tocar m\u00fasica, soy mejor deportista\u201d<\/a><\/h3><div class=\"stk-block-posts__meta stk-subtitle\"><time datetime=\"2026-06-27T01:05:20+00:00\">27 de junio de 2026<\/time><\/div><\/article><\/div><\/div><div class=\"stk-block-posts__item\"><div class=\"stk-container stk-6bd5b77-container stk--no-background stk--no-padding\"><article><a href=\"https:\/\/elpuclitico.cl\/index.php\/2026\/06\/25\/estudiante-uc-rompe-record-nacional-de-salto-largo\/\" class=\"stk-block-posts__image-link\"><figure class=\"stk-img-wrapper stk-image--shape-stretch\"><img loading=\"lazy\" decoding=\"async\" width=\"2400\" height=\"1350\" src=\"https:\/\/elpuclitico.cl\/wp-content\/uploads\/2026\/06\/atletismo-uc.jpg\" class=\"attachment-full size-full wp-post-image\" alt=\"\" srcset=\"https:\/\/elpuclitico.cl\/wp-content\/uploads\/2026\/06\/atletismo-uc.jpg 2400w, https:\/\/elpuclitico.cl\/wp-content\/uploads\/2026\/06\/atletismo-uc-300x169.jpg 300w, https:\/\/elpuclitico.cl\/wp-content\/uploads\/2026\/06\/atletismo-uc-1024x576.jpg 1024w, https:\/\/elpuclitico.cl\/wp-content\/uploads\/2026\/06\/atletismo-uc-768x432.jpg 768w, https:\/\/elpuclitico.cl\/wp-content\/uploads\/2026\/06\/atletismo-uc-1536x864.jpg 1536w, https:\/\/elpuclitico.cl\/wp-content\/uploads\/2026\/06\/atletismo-uc-2048x1152.jpg 2048w\" sizes=\"(max-width: 2400px) 100vw, 2400px\" \/><\/figure><\/a><div class=\"stk-block-posts__category stk-subtitle\"><a class=\"stk-button\" href=\"https:\/\/elpuclitico.cl\/index.php\/category\/deportes\/\" rel=\"category tag\"><span class=\"stk-button__inner-text\">Deportes<\/span><\/a><\/div><h3 class=\"stk-block-posts__title has-text-align-left has-text-color\"><a href='https:\/\/elpuclitico.cl\/index.php\/2026\/06\/25\/estudiante-uc-rompe-record-nacional-de-salto-largo\/'>Estudiante UC rompe r\u00e9cord nacional de salto largo<\/a><\/h3><div class=\"stk-block-posts__meta stk-subtitle\"><time datetime=\"2026-06-25T01:20:38+00:00\">25 de junio de 2026<\/time><\/div><\/article><\/div><\/div><div class=\"stk-block-posts__item\"><div class=\"stk-container stk-6bd5b77-container stk--no-background stk--no-padding\"><article><a href=\"https:\/\/elpuclitico.cl\/index.php\/2026\/06\/20\/top-5-mejores-selecciones-del-mundial-2026-segun-harold-mayne-nicholls\/\" class=\"stk-block-posts__image-link\"><figure class=\"stk-img-wrapper stk-image--shape-stretch\"><img loading=\"lazy\" decoding=\"async\" width=\"1920\" height=\"1080\" src=\"https:\/\/elpuclitico.cl\/wp-content\/uploads\/2026\/06\/WEB-HAROLD.jpg\" class=\"attachment-full size-full wp-post-image\" alt=\"\" srcset=\"https:\/\/elpuclitico.cl\/wp-content\/uploads\/2026\/06\/WEB-HAROLD.jpg 1920w, https:\/\/elpuclitico.cl\/wp-content\/uploads\/2026\/06\/WEB-HAROLD-300x169.jpg 300w, https:\/\/elpuclitico.cl\/wp-content\/uploads\/2026\/06\/WEB-HAROLD-1024x576.jpg 1024w, https:\/\/elpuclitico.cl\/wp-content\/uploads\/2026\/06\/WEB-HAROLD-768x432.jpg 768w, https:\/\/elpuclitico.cl\/wp-content\/uploads\/2026\/06\/WEB-HAROLD-1536x864.jpg 1536w\" sizes=\"(max-width: 1920px) 100vw, 1920px\" \/><\/figure><\/a><div class=\"stk-block-posts__category stk-subtitle\"><a class=\"stk-button\" href=\"https:\/\/elpuclitico.cl\/index.php\/category\/deportes\/\" rel=\"category tag\"><span class=\"stk-button__inner-text\">Deportes<\/span><\/a><\/div><h3 class=\"stk-block-posts__title has-text-align-left has-text-color\"><a href='https:\/\/elpuclitico.cl\/index.php\/2026\/06\/20\/top-5-mejores-selecciones-del-mundial-2026-segun-harold-mayne-nicholls\/'>Top 5 mejores selecciones del Mundial 2026 seg\u00fan Harold Mayne-Nicholls<\/a><\/h3><div class=\"stk-block-posts__meta stk-subtitle\"><time datetime=\"2026-06-20T20:12:35+00:00\">20 de junio de 2026<\/time><\/div><\/article><\/div><\/div><\/div><div class=\"stk-inner-blocks\"><\/div><\/div><\/div>\n<\/div><\/div><\/div>\n<\/div><\/div>\n\n\n\n<div class=\"wp-block-stackable-heading alignfull stk-block-heading stk-block-heading--v2 stk-block stk-5cccb4e stk-block-background\" id=\"tiempo-libre\" data-block-id=\"5cccb4e\"><style>.stk-5cccb4e .stk-block-heading__top-line{height:2px !important;width:0px !important;background-color:#fffffe !important;margin-left:auto !important;margin-right:0 !important;}.stk-5cccb4e .stk-block-heading__bottom-line{height:2px !important;width:48px !important;background-color:var(--theme-palette-color-10, #ffffff) !important;margin-left:0 !important;margin-right:auto !important;}.stk-5cccb4e {background-color:var(--theme-palette-color-1, #00a1c8) !important;align-items:center !important;margin-top:var(--stk--preset--spacing--none, 0px) !important;margin-bottom:var(--stk--preset--spacing--none, 0px) !important;margin-left:var(--stk--preset--spacing--none, 0px) !important;display:flex !important;}.stk-5cccb4e:before{background-color:var(--theme-palette-color-1, #00a1c8) !important;}.stk-5cccb4e .stk-block-heading__text{font-size:48px !important;color:var(--theme-palette-color-7, #FBFBFC) !important;text-transform:uppercase !important;font-family:\"Rubik\", Sans-serif !important;}@media screen and (max-width:999px){.stk-5cccb4e .stk-block-heading__text{font-size:48px !important;line-height:1.1em !important;}}@media screen and (max-width:689px){.stk-5cccb4e .stk-block-heading__top-line{margin-left:0 !important;margin-right:auto !important;}.stk-5cccb4e .stk-block-heading__text{font-size:23px !important;}}<\/style><div class=\"stk-block-heading__top-line\"><\/div><h2 class=\"stk-block-heading__text has-text-color has-text-align-center\">tiempo libre<\/h2><div class=\"stk-block-heading__bottom-line\"><\/div><\/div>\n\n\n\n<div class=\"wp-block-stackable-columns alignfull stk-block-columns stk-block stk-6caa603 stk-block-background\" data-block-id=\"6caa603\"><style>.stk-6caa603 {background-color:var(--theme-palette-color-1, #00a1c8) !important;margin-top:-32px !important;margin-bottom:37px !important;}.stk-6caa603:before{background-color:var(--theme-palette-color-1, #00a1c8) !important;}.stk-6caa603-column{flex-wrap:wrap !important;--stk-flex-grow:0 !important;}@media screen and (max-width:689px){.stk-6caa603 {margin-top:-16px !important;}.stk-6caa603-column{--stk-columns-spacing:0px !important;}}<\/style><div class=\"stk-row stk-inner-blocks stk-block-content stk-content-align stk-6caa603-column alignwide\">\n<div class=\"wp-block-stackable-column stk-block-column stk-column stk-block stk-f180055\" data-v=\"4\" data-block-id=\"f180055\"><div class=\"stk-column-wrapper stk-block-column__content stk-container stk-f180055-container stk--no-background stk--no-padding\"><div class=\"stk-block-content stk-inner-blocks stk-f180055-inner-blocks\">\n<div class=\"wp-block-stackable-posts stk-block-posts stk-block stk-687a9fc stk-block-posts--style-oli is-style-default\" data-v=\"2\" data-block-id=\"687a9fc\"><style>.stk-687a9fc {--stk-columns:4 !important;}.stk-687a9fc-container .stk-button{background:var(--theme-palette-color-10, #ffffff) !important;}.stk-687a9fc .stk-img-wrapper{height:112px !important;}.stk-687a9fc .stk-block-posts__title a{font-size:20px !important;color:var(--theme-palette-color-10, #ffffff) !important;font-family:\"Rubik\", Sans-serif !important;}.stk-687a9fc .stk-block-posts__category, .stk-687a9fc .stk-block-posts__category a .stk-button__inner-text{font-size:15px !important;color:var(--theme-palette-color-1, #00a1c8) !important;}.stk-687a9fc .stk-block-posts__meta{color:var(--theme-palette-color-10, #ffffff) !important;}@media screen and (max-width:999px){.stk-687a9fc {--stk-columns:2 !important;}.stk-687a9fc .stk-block-posts__title a{font-size:20px !important;}.stk-687a9fc .stk-block-posts__category, .stk-687a9fc .stk-block-posts__category a .stk-button__inner-text{font-size:15px !important;}}@media screen and (max-width:689px){.stk-687a9fc {--stk-columns:2 !important;--stk-column-gap:8px !important;}.stk-687a9fc .stk-img-wrapper{height:70px !important;}.stk-687a9fc .stk-block-posts__title a{font-size:14px !important;}.stk-687a9fc .stk-block-posts__category, .stk-687a9fc .stk-block-posts__category a .stk-button__inner-text{font-size:9px !important;}.stk-687a9fc .stk-block-posts__meta{font-size:12px !important;}.stk-687a9fc .stk-block-posts__items{row-gap:8px !important;}}<\/style><div class=\"stk-inner-blocks stk-content-align stk-687a9fc-column\"><div class=\"stk-block-posts__items\"><div class=\"stk-block-posts__item\"><div class=\"stk-container stk-687a9fc-container stk--no-background stk--no-padding\"><article><a href=\"https:\/\/elpuclitico.cl\/index.php\/2026\/09\/03\/y-tu-que-lees-profe\/\" class=\"stk-block-posts__image-link\"><figure class=\"stk-img-wrapper stk-image--shape-stretch\"><img fetchpriority=\"high\" decoding=\"async\" width=\"1920\" height=\"1080\" src=\"https:\/\/elpuclitico.cl\/wp-content\/uploads\/2026\/09\/PUCLITICO-PORTADA-WEB-GENERAL-WEB2-13.jpg\" class=\"attachment-full size-full wp-post-image\" alt=\"\" srcset=\"https:\/\/elpuclitico.cl\/wp-content\/uploads\/2026\/09\/PUCLITICO-PORTADA-WEB-GENERAL-WEB2-13.jpg 1920w, https:\/\/elpuclitico.cl\/wp-content\/uploads\/2026\/09\/PUCLITICO-PORTADA-WEB-GENERAL-WEB2-13-300x169.jpg 300w, https:\/\/elpuclitico.cl\/wp-content\/uploads\/2026\/09\/PUCLITICO-PORTADA-WEB-GENERAL-WEB2-13-1024x576.jpg 1024w, https:\/\/elpuclitico.cl\/wp-content\/uploads\/2026\/09\/PUCLITICO-PORTADA-WEB-GENERAL-WEB2-13-768x432.jpg 768w, https:\/\/elpuclitico.cl\/wp-content\/uploads\/2026\/09\/PUCLITICO-PORTADA-WEB-GENERAL-WEB2-13-1536x864.jpg 1536w\" sizes=\"(max-width: 1920px) 100vw, 1920px\" \/><\/figure><\/a><div class=\"stk-block-posts__category stk-subtitle has-text-color\"><a class=\"stk-button\" href=\"https:\/\/elpuclitico.cl\/index.php\/category\/cultura\/\" rel=\"category tag\"><span class=\"stk-button__inner-text\">Cultura<\/span><\/a>, <a class=\"stk-button\" href=\"https:\/\/elpuclitico.cl\/index.php\/category\/tiempolibre\/\" rel=\"category tag\"><span class=\"stk-button__inner-text\">Tiempo Libre<\/span><\/a><\/div><h3 class=\"stk-block-posts__title has-text-align-left has-text-color\"><a href='https:\/\/elpuclitico.cl\/index.php\/2026\/09\/03\/y-tu-que-lees-profe\/'>\u00bfY t\u00fa qu\u00e9 lees, profe?<\/a><\/h3><div class=\"stk-block-posts__meta stk-subtitle has-text-color\"><time datetime=\"2026-09-03T01:48:13+00:00\">3 de septiembre de 2026<\/time><\/div><\/article><\/div><\/div><div class=\"stk-block-posts__item\"><div class=\"stk-container stk-687a9fc-container stk--no-background stk--no-padding\"><article><a href=\"https:\/\/elpuclitico.cl\/index.php\/2026\/09\/02\/las-historias-detras-de-las-esculturas-que-habitan-los-campus-uc\/\" class=\"stk-block-posts__image-link\"><figure class=\"stk-img-wrapper stk-image--shape-stretch\"><img decoding=\"async\" width=\"1920\" height=\"1080\" src=\"https:\/\/elpuclitico.cl\/wp-content\/uploads\/2026\/09\/PUCLITICO-PORTADA-WEB-GENERAL-WEB2-4.png\" class=\"attachment-full size-full wp-post-image\" alt=\"\" srcset=\"https:\/\/elpuclitico.cl\/wp-content\/uploads\/2026\/09\/PUCLITICO-PORTADA-WEB-GENERAL-WEB2-4.png 1920w, https:\/\/elpuclitico.cl\/wp-content\/uploads\/2026\/09\/PUCLITICO-PORTADA-WEB-GENERAL-WEB2-4-300x169.png 300w, https:\/\/elpuclitico.cl\/wp-content\/uploads\/2026\/09\/PUCLITICO-PORTADA-WEB-GENERAL-WEB2-4-1024x576.png 1024w, https:\/\/elpuclitico.cl\/wp-content\/uploads\/2026\/09\/PUCLITICO-PORTADA-WEB-GENERAL-WEB2-4-768x432.png 768w, https:\/\/elpuclitico.cl\/wp-content\/uploads\/2026\/09\/PUCLITICO-PORTADA-WEB-GENERAL-WEB2-4-1536x864.png 1536w\" sizes=\"(max-width: 1920px) 100vw, 1920px\" \/><\/figure><\/a><div class=\"stk-block-posts__category stk-subtitle has-text-color\"><a class=\"stk-button\" href=\"https:\/\/elpuclitico.cl\/index.php\/category\/cultura\/\" rel=\"category tag\"><span class=\"stk-button__inner-text\">Cultura<\/span><\/a>, <a class=\"stk-button\" href=\"https:\/\/elpuclitico.cl\/index.php\/category\/tiempolibre\/\" rel=\"category tag\"><span class=\"stk-button__inner-text\">Tiempo Libre<\/span><\/a><\/div><h3 class=\"stk-block-posts__title has-text-align-left has-text-color\"><a href='https:\/\/elpuclitico.cl\/index.php\/2026\/09\/02\/las-historias-detras-de-las-esculturas-que-habitan-los-campus-uc\/'>Las historias detr\u00e1s de las esculturas que habitan los campus UC<\/a><\/h3><div class=\"stk-block-posts__meta stk-subtitle has-text-color\"><time datetime=\"2026-09-02T00:16:14+00:00\">2 de septiembre de 2026<\/time><\/div><\/article><\/div><\/div><div class=\"stk-block-posts__item\"><div class=\"stk-container stk-687a9fc-container stk--no-background stk--no-padding\"><article><a href=\"https:\/\/elpuclitico.cl\/index.php\/2026\/08\/23\/bibliotecas-recomendadas-para-el-estudio-y-lectura\/\" class=\"stk-block-posts__image-link\"><figure class=\"stk-img-wrapper stk-image--shape-stretch\"><img loading=\"lazy\" decoding=\"async\" width=\"1920\" height=\"1080\" src=\"https:\/\/elpuclitico.cl\/wp-content\/uploads\/2026\/08\/PUCLITICO-PORTADA-WEB-GENERAL-WEB2-7.png\" class=\"attachment-full size-full wp-post-image\" alt=\"\" srcset=\"https:\/\/elpuclitico.cl\/wp-content\/uploads\/2026\/08\/PUCLITICO-PORTADA-WEB-GENERAL-WEB2-7.png 1920w, https:\/\/elpuclitico.cl\/wp-content\/uploads\/2026\/08\/PUCLITICO-PORTADA-WEB-GENERAL-WEB2-7-300x169.png 300w, https:\/\/elpuclitico.cl\/wp-content\/uploads\/2026\/08\/PUCLITICO-PORTADA-WEB-GENERAL-WEB2-7-1024x576.png 1024w, https:\/\/elpuclitico.cl\/wp-content\/uploads\/2026\/08\/PUCLITICO-PORTADA-WEB-GENERAL-WEB2-7-768x432.png 768w, https:\/\/elpuclitico.cl\/wp-content\/uploads\/2026\/08\/PUCLITICO-PORTADA-WEB-GENERAL-WEB2-7-1536x864.png 1536w\" sizes=\"(max-width: 1920px) 100vw, 1920px\" \/><\/figure><\/a><div class=\"stk-block-posts__category stk-subtitle has-text-color\"><a class=\"stk-button\" href=\"https:\/\/elpuclitico.cl\/index.php\/category\/cultura\/\" rel=\"category tag\"><span class=\"stk-button__inner-text\">Cultura<\/span><\/a>, <a class=\"stk-button\" href=\"https:\/\/elpuclitico.cl\/index.php\/category\/tiempolibre\/\" rel=\"category tag\"><span class=\"stk-button__inner-text\">Tiempo Libre<\/span><\/a><\/div><h3 class=\"stk-block-posts__title has-text-align-left has-text-color\"><a href='https:\/\/elpuclitico.cl\/index.php\/2026\/08\/23\/bibliotecas-recomendadas-para-el-estudio-y-lectura\/'>Bibliotecas recomendadas para el estudio y lectura<\/a><\/h3><div class=\"stk-block-posts__meta stk-subtitle has-text-color\"><time datetime=\"2026-08-23T01:29:09+00:00\">23 de agosto de 2026<\/time><\/div><\/article><\/div><\/div><div class=\"stk-block-posts__item\"><div class=\"stk-container stk-687a9fc-container stk--no-background stk--no-padding\"><article><a href=\"https:\/\/elpuclitico.cl\/index.php\/2026\/08\/21\/monte-verde-en-disputa-que-tan-antiguo-es-realmente\/\" class=\"stk-block-posts__image-link\"><figure class=\"stk-img-wrapper stk-image--shape-stretch\"><img loading=\"lazy\" decoding=\"async\" width=\"1920\" height=\"1080\" src=\"https:\/\/elpuclitico.cl\/wp-content\/uploads\/2026\/08\/PUCLITICO-PORTADA-WEB-GENERAL-WEB2-5.png\" class=\"attachment-full size-full wp-post-image\" alt=\"\" srcset=\"https:\/\/elpuclitico.cl\/wp-content\/uploads\/2026\/08\/PUCLITICO-PORTADA-WEB-GENERAL-WEB2-5.png 1920w, https:\/\/elpuclitico.cl\/wp-content\/uploads\/2026\/08\/PUCLITICO-PORTADA-WEB-GENERAL-WEB2-5-300x169.png 300w, https:\/\/elpuclitico.cl\/wp-content\/uploads\/2026\/08\/PUCLITICO-PORTADA-WEB-GENERAL-WEB2-5-1024x576.png 1024w, https:\/\/elpuclitico.cl\/wp-content\/uploads\/2026\/08\/PUCLITICO-PORTADA-WEB-GENERAL-WEB2-5-768x432.png 768w, https:\/\/elpuclitico.cl\/wp-content\/uploads\/2026\/08\/PUCLITICO-PORTADA-WEB-GENERAL-WEB2-5-1536x864.png 1536w\" sizes=\"(max-width: 1920px) 100vw, 1920px\" \/><\/figure><\/a><div class=\"stk-block-posts__category stk-subtitle has-text-color\"><a class=\"stk-button\" href=\"https:\/\/elpuclitico.cl\/index.php\/category\/cultura\/\" rel=\"category tag\"><span class=\"stk-button__inner-text\">Cultura<\/span><\/a>, <a class=\"stk-button\" href=\"https:\/\/elpuclitico.cl\/index.php\/category\/tiempolibre\/\" rel=\"category tag\"><span class=\"stk-button__inner-text\">Tiempo Libre<\/span><\/a><\/div><h3 class=\"stk-block-posts__title has-text-align-left has-text-color\"><a href='https:\/\/elpuclitico.cl\/index.php\/2026\/08\/21\/monte-verde-en-disputa-que-tan-antiguo-es-realmente\/'>Monte Verde en disputa, \u00bfqu\u00e9 tan antiguo es realmente?<\/a><\/h3><div class=\"stk-block-posts__meta stk-subtitle has-text-color\"><time datetime=\"2026-08-21T15:56:23+00:00\">21 de agosto de 2026<\/time><\/div><\/article><\/div><\/div><\/div><div class=\"stk-inner-blocks\"><\/div><\/div><\/div>\n<\/div><\/div><\/div>\n<\/div><\/div>\n\n\n\n<div class=\"wp-block-stackable-heading alignfull stk-block-heading stk-block-heading--v2 stk-block stk-193f869\" id=\"opinion\" data-block-id=\"193f869\"><style>.stk-193f869 .stk-block-heading__top-line{background-color:#0f0e17 !important;margin-left:auto !important;margin-right:0 !important;}.stk-193f869 .stk-block-heading__bottom-line{height:5px !important;width:96px !important;background-color:#0f0e17 !important;margin-left:0 !important;margin-right:auto !important;}.stk-193f869 {align-items:center !important;margin-top:var(--stk--preset--spacing--50, 1.5rem) !important;margin-bottom:var(--stk--preset--spacing--none, 0px) !important;margin-left:var(--stk--preset--spacing--none, 0px) !important;display:flex !important;}.stk-193f869 .stk-block-heading__text{font-size:48px !important;color:#0f0e17 !important;text-transform:uppercase !important;font-family:\"Rubik\", Sans-serif !important;}@media screen and (max-width:999px){.stk-193f869 .stk-block-heading__text{font-size:48px !important;}}@media screen and (max-width:689px){.stk-193f869 .stk-block-heading__text{font-size:21px !important;}}<\/style><div class=\"stk-block-heading__top-line\"><\/div><h2 class=\"stk-block-heading__text has-text-color has-text-align-center\">opini\u00f3n<\/h2><div class=\"stk-block-heading__bottom-line\"><\/div><\/div>\n\n\n\n<div class=\"wp-block-stackable-carousel alignwide stk-block-carousel stk--is-slide stk--infinite-scroll stk--arrows-justify-space-between stk--arrows-align-center stk-block stk-30e3cdc\" data-slides-to-show=\"\" data-block-id=\"30e3cdc\"><div class=\"stk-block-carousel__content-wrapper\"><div class=\"stk-row stk-inner-blocks stk-block-content stk-block-carousel__slider-wrapper stk-content-align stk-30e3cdc-column alignwide\"><div class=\"stk-block-carousel__slider\" role=\"list\" data-autoplay=\"4000\" data-label-slide-of=\"Slide %%d of %%d\" tabindex=\"0\">\n<div class=\"wp-block-stackable-column stk-block-column stk-column stk-block stk-e34eda3\" data-v=\"4\" data-block-id=\"e34eda3\"><div class=\"stk-column-wrapper stk-block-column__content stk-container stk-e34eda3-container stk--no-background stk--no-padding\"><div class=\"stk-block-content stk-inner-blocks stk-e34eda3-inner-blocks\">\n<div class=\"wp-block-stackable-posts alignwide stk-block-posts has-text-align-left-mobile stk-block stk-7d7bab2 stk-block-posts--style-oli is-style-default\" data-v=\"2\" data-block-id=\"7d7bab2\"><style>.stk-7d7bab2 {--stk-columns:4 !important;}.stk-7d7bab2-container .stk-button{background:var(--theme-palette-color-1, #00a1c8) !important;}.stk-7d7bab2 .stk-img-wrapper{height:167px !important;}.stk-7d7bab2 .stk-block-posts__title a{font-size:24px !important;color:#0f0e17 !important;font-family:\"Rubik\", Sans-serif !important;}.stk-7d7bab2 .stk-block-posts__category, .stk-7d7bab2 .stk-block-posts__category a .stk-button__inner-text{font-size:15px !important;}@media screen and (max-width:999px){.stk-7d7bab2 {--stk-columns:2 !important;}.stk-7d7bab2 .stk-block-posts__title a{font-size:24px !important;}.stk-7d7bab2 .stk-block-posts__category, .stk-7d7bab2 .stk-block-posts__category a .stk-button__inner-text{font-size:15px !important;}}@media screen and (max-width:689px){.stk-7d7bab2 {--stk-columns:2 !important;--stk-column-gap:8px !important;}.stk-7d7bab2 .stk-img-wrapper{height:70px !important;}.stk-7d7bab2 .stk-img-wrapper img{object-position:53% 22% !important;}.stk-7d7bab2 .stk-block-posts__title a{font-size:14px !important;}.stk-7d7bab2 .stk-block-posts__category, .stk-7d7bab2 .stk-block-posts__category a .stk-button__inner-text{font-size:9px !important;}.stk-7d7bab2 .stk-block-posts__meta{font-size:12px !important;}.stk-7d7bab2 .stk-block-posts__items{row-gap:8px !important;}}<\/style><div class=\"stk-inner-blocks stk-content-align stk-7d7bab2-column alignwide\"><div class=\"stk-block-posts__items\"><div class=\"stk-block-posts__item\"><div class=\"stk-container stk-7d7bab2-container stk--no-background stk--no-padding\"><article><a href=\"https:\/\/elpuclitico.cl\/index.php\/2026\/08\/30\/a-el-no-se-le-puede-responder-manana\/\" class=\"stk-block-posts__image-link\"><figure class=\"stk-img-wrapper stk-image--shape-stretch\"><img loading=\"lazy\" decoding=\"async\" width=\"1920\" height=\"1080\" src=\"https:\/\/elpuclitico.cl\/wp-content\/uploads\/2026\/06\/PUCLITICO-PORTADA-WEB-CARTAS-Y-COLUMNAS-WEB.jpg\" class=\"attachment-full size-full wp-post-image\" alt=\"\" srcset=\"https:\/\/elpuclitico.cl\/wp-content\/uploads\/2026\/06\/PUCLITICO-PORTADA-WEB-CARTAS-Y-COLUMNAS-WEB.jpg 1920w, https:\/\/elpuclitico.cl\/wp-content\/uploads\/2026\/06\/PUCLITICO-PORTADA-WEB-CARTAS-Y-COLUMNAS-WEB-300x169.jpg 300w, https:\/\/elpuclitico.cl\/wp-content\/uploads\/2026\/06\/PUCLITICO-PORTADA-WEB-CARTAS-Y-COLUMNAS-WEB-1024x576.jpg 1024w, https:\/\/elpuclitico.cl\/wp-content\/uploads\/2026\/06\/PUCLITICO-PORTADA-WEB-CARTAS-Y-COLUMNAS-WEB-768x432.jpg 768w, https:\/\/elpuclitico.cl\/wp-content\/uploads\/2026\/06\/PUCLITICO-PORTADA-WEB-CARTAS-Y-COLUMNAS-WEB-1536x864.jpg 1536w\" sizes=\"(max-width: 1920px) 100vw, 1920px\" \/><\/figure><\/a><div class=\"stk-block-posts__category stk-subtitle\"><a class=\"stk-button\" href=\"https:\/\/elpuclitico.cl\/index.php\/category\/opinion\/carta-a-la-directora\/\" rel=\"category tag\"><span class=\"stk-button__inner-text\">Carta a la directora<\/span><\/a>, <a class=\"stk-button\" href=\"https:\/\/elpuclitico.cl\/index.php\/category\/opinion\/\" rel=\"category tag\"><span class=\"stk-button__inner-text\">Opini\u00f3n<\/span><\/a><\/div><h3 class=\"stk-block-posts__title has-text-align-left has-text-color\"><a href='https:\/\/elpuclitico.cl\/index.php\/2026\/08\/30\/a-el-no-se-le-puede-responder-manana\/'>A \u00e9l no se le puede responder \u00abma\u00f1ana\u00bb<\/a><\/h3><div class=\"stk-block-posts__meta stk-subtitle\"><time datetime=\"2026-08-30T23:59:01+00:00\">30 de agosto de 2026<\/time><\/div><\/article><\/div><\/div><div class=\"stk-block-posts__item\"><div class=\"stk-container stk-7d7bab2-container stk--no-background stk--no-padding\"><article><a href=\"https:\/\/elpuclitico.cl\/index.php\/2026\/08\/29\/el-costo-del-silencio\/\" class=\"stk-block-posts__image-link\"><figure class=\"stk-img-wrapper stk-image--shape-stretch\"><img loading=\"lazy\" decoding=\"async\" width=\"1920\" height=\"1080\" src=\"https:\/\/elpuclitico.cl\/wp-content\/uploads\/2026\/08\/PUCLITICO-PORTADA-WEB-CARTAS-Y-COLUMNAS-WEB.png\" class=\"attachment-full size-full wp-post-image\" alt=\"\" srcset=\"https:\/\/elpuclitico.cl\/wp-content\/uploads\/2026\/08\/PUCLITICO-PORTADA-WEB-CARTAS-Y-COLUMNAS-WEB.png 1920w, https:\/\/elpuclitico.cl\/wp-content\/uploads\/2026\/08\/PUCLITICO-PORTADA-WEB-CARTAS-Y-COLUMNAS-WEB-300x169.png 300w, https:\/\/elpuclitico.cl\/wp-content\/uploads\/2026\/08\/PUCLITICO-PORTADA-WEB-CARTAS-Y-COLUMNAS-WEB-1024x576.png 1024w, https:\/\/elpuclitico.cl\/wp-content\/uploads\/2026\/08\/PUCLITICO-PORTADA-WEB-CARTAS-Y-COLUMNAS-WEB-768x432.png 768w, https:\/\/elpuclitico.cl\/wp-content\/uploads\/2026\/08\/PUCLITICO-PORTADA-WEB-CARTAS-Y-COLUMNAS-WEB-1536x864.png 1536w\" sizes=\"(max-width: 1920px) 100vw, 1920px\" \/><\/figure><\/a><div class=\"stk-block-posts__category stk-subtitle\"><a class=\"stk-button\" href=\"https:\/\/elpuclitico.cl\/index.php\/category\/opinion\/columnas-de-opinion\/\" rel=\"category tag\"><span class=\"stk-button__inner-text\">Columnas de opini\u00f3n<\/span><\/a>, <a class=\"stk-button\" href=\"https:\/\/elpuclitico.cl\/index.php\/category\/opinion\/\" rel=\"category tag\"><span class=\"stk-button__inner-text\">Opini\u00f3n<\/span><\/a><\/div><h3 class=\"stk-block-posts__title has-text-align-left has-text-color\"><a href='https:\/\/elpuclitico.cl\/index.php\/2026\/08\/29\/el-costo-del-silencio\/'>El costo del silencio<\/a><\/h3><div class=\"stk-block-posts__meta stk-subtitle\"><time datetime=\"2026-08-29T18:07:49+00:00\">29 de agosto de 2026<\/time><\/div><\/article><\/div><\/div><div class=\"stk-block-posts__item\"><div class=\"stk-container stk-7d7bab2-container stk--no-background stk--no-padding\"><article><a href=\"https:\/\/elpuclitico.cl\/index.php\/2026\/08\/21\/el-espejismo-del-fondazo\/\" class=\"stk-block-posts__image-link\"><figure class=\"stk-img-wrapper stk-image--shape-stretch\"><img loading=\"lazy\" decoding=\"async\" width=\"1920\" height=\"1080\" src=\"https:\/\/elpuclitico.cl\/wp-content\/uploads\/2026\/03\/POLITICIA-Y-DEMOCRACIA-MEMORIA-Y-SOCIEDAD.png\" class=\"attachment-full size-full wp-post-image\" alt=\"\" srcset=\"https:\/\/elpuclitico.cl\/wp-content\/uploads\/2026\/03\/POLITICIA-Y-DEMOCRACIA-MEMORIA-Y-SOCIEDAD.png 1920w, https:\/\/elpuclitico.cl\/wp-content\/uploads\/2026\/03\/POLITICIA-Y-DEMOCRACIA-MEMORIA-Y-SOCIEDAD-300x169.png 300w, https:\/\/elpuclitico.cl\/wp-content\/uploads\/2026\/03\/POLITICIA-Y-DEMOCRACIA-MEMORIA-Y-SOCIEDAD-1024x576.png 1024w, https:\/\/elpuclitico.cl\/wp-content\/uploads\/2026\/03\/POLITICIA-Y-DEMOCRACIA-MEMORIA-Y-SOCIEDAD-768x432.png 768w, https:\/\/elpuclitico.cl\/wp-content\/uploads\/2026\/03\/POLITICIA-Y-DEMOCRACIA-MEMORIA-Y-SOCIEDAD-1536x864.png 1536w\" sizes=\"(max-width: 1920px) 100vw, 1920px\" \/><\/figure><\/a><div class=\"stk-block-posts__category stk-subtitle\"><a class=\"stk-button\" href=\"https:\/\/elpuclitico.cl\/index.php\/category\/opinion\/columnas-de-opinion\/\" rel=\"category tag\"><span class=\"stk-button__inner-text\">Columnas de opini\u00f3n<\/span><\/a>, <a class=\"stk-button\" href=\"https:\/\/elpuclitico.cl\/index.php\/category\/opinion\/\" rel=\"category tag\"><span class=\"stk-button__inner-text\">Opini\u00f3n<\/span><\/a><\/div><h3 class=\"stk-block-posts__title has-text-align-left has-text-color\"><a href='https:\/\/elpuclitico.cl\/index.php\/2026\/08\/21\/el-espejismo-del-fondazo\/'>El espejismo del \u201cFondazo\u201d<\/a><\/h3><div class=\"stk-block-posts__meta stk-subtitle\"><time datetime=\"2026-08-21T00:26:43+00:00\">21 de agosto de 2026<\/time><\/div><\/article><\/div><\/div><div class=\"stk-block-posts__item\"><div class=\"stk-container stk-7d7bab2-container stk--no-background stk--no-padding\"><article><a href=\"https:\/\/elpuclitico.cl\/index.php\/2026\/08\/17\/volver-a-escuchar-el-corazon-de-chile\/\" class=\"stk-block-posts__image-link\"><figure class=\"stk-img-wrapper stk-image--shape-stretch\"><img loading=\"lazy\" decoding=\"async\" width=\"1920\" height=\"1080\" src=\"https:\/\/elpuclitico.cl\/wp-content\/uploads\/2026\/06\/POLITICA-Y-DEMOCRACIA-.-SOCIEDAD.jpg\" class=\"attachment-full size-full wp-post-image\" alt=\"\" srcset=\"https:\/\/elpuclitico.cl\/wp-content\/uploads\/2026\/06\/POLITICA-Y-DEMOCRACIA-.-SOCIEDAD.jpg 1920w, https:\/\/elpuclitico.cl\/wp-content\/uploads\/2026\/06\/POLITICA-Y-DEMOCRACIA-.-SOCIEDAD-300x169.jpg 300w, https:\/\/elpuclitico.cl\/wp-content\/uploads\/2026\/06\/POLITICA-Y-DEMOCRACIA-.-SOCIEDAD-1024x576.jpg 1024w, https:\/\/elpuclitico.cl\/wp-content\/uploads\/2026\/06\/POLITICA-Y-DEMOCRACIA-.-SOCIEDAD-768x432.jpg 768w, https:\/\/elpuclitico.cl\/wp-content\/uploads\/2026\/06\/POLITICA-Y-DEMOCRACIA-.-SOCIEDAD-1536x864.jpg 1536w\" sizes=\"(max-width: 1920px) 100vw, 1920px\" \/><\/figure><\/a><div class=\"stk-block-posts__category stk-subtitle\"><a class=\"stk-button\" href=\"https:\/\/elpuclitico.cl\/index.php\/category\/opinion\/columnas-de-opinion\/\" rel=\"category tag\"><span class=\"stk-button__inner-text\">Columnas de opini\u00f3n<\/span><\/a>, <a class=\"stk-button\" href=\"https:\/\/elpuclitico.cl\/index.php\/category\/opinion\/\" rel=\"category tag\"><span class=\"stk-button__inner-text\">Opini\u00f3n<\/span><\/a><\/div><h3 class=\"stk-block-posts__title has-text-align-left has-text-color\"><a href='https:\/\/elpuclitico.cl\/index.php\/2026\/08\/17\/volver-a-escuchar-el-corazon-de-chile\/'>Volver a escuchar el coraz\u00f3n de Chile<\/a><\/h3><div class=\"stk-block-posts__meta stk-subtitle\"><time datetime=\"2026-08-17T23:45:14+00:00\">17 de agosto de 2026<\/time><\/div><\/article><\/div><\/div><\/div><div class=\"stk-inner-blocks\"><\/div><\/div><\/div>\n<\/div><\/div><\/div>\n\n\n\n<div class=\"wp-block-stackable-column stk-block-column stk-column stk-block stk-c573c46\" data-v=\"4\" data-block-id=\"c573c46\"><div class=\"stk-column-wrapper stk-block-column__content stk-container stk-c573c46-container stk--no-background stk--no-padding\"><div class=\"stk-block-content stk-inner-blocks stk-c573c46-inner-blocks\">\n<div class=\"wp-block-stackable-posts alignwide stk-block-posts has-text-align-left-mobile stk-block stk-5f3ad4c stk-block-posts--style-oli is-style-default\" data-v=\"2\" data-block-id=\"5f3ad4c\"><style>.stk-5f3ad4c {--stk-columns:4 !important;}.stk-5f3ad4c-container .stk-button{background:var(--theme-palette-color-1, #00a1c8) !important;}.stk-5f3ad4c .stk-img-wrapper{height:167px !important;}.stk-5f3ad4c .stk-block-posts__title a{font-size:24px !important;color:#0f0e17 !important;font-family:\"Rubik\", Sans-serif !important;}.stk-5f3ad4c .stk-block-posts__category, .stk-5f3ad4c .stk-block-posts__category a .stk-button__inner-text{font-size:15px !important;}@media screen and (max-width:999px){.stk-5f3ad4c {--stk-columns:2 !important;}.stk-5f3ad4c .stk-block-posts__title a{font-size:24px !important;}.stk-5f3ad4c .stk-block-posts__category, .stk-5f3ad4c .stk-block-posts__category a .stk-button__inner-text{font-size:15px !important;}}@media screen and (max-width:689px){.stk-5f3ad4c {--stk-columns:2 !important;--stk-column-gap:8px !important;}.stk-5f3ad4c .stk-img-wrapper{height:70px !important;}.stk-5f3ad4c .stk-img-wrapper img{object-position:53% 22% !important;}.stk-5f3ad4c .stk-block-posts__title a{font-size:14px !important;}.stk-5f3ad4c .stk-block-posts__category, .stk-5f3ad4c .stk-block-posts__category a .stk-button__inner-text{font-size:9px !important;}.stk-5f3ad4c .stk-block-posts__meta{font-size:12px !important;}.stk-5f3ad4c .stk-block-posts__items{row-gap:8px !important;}}<\/style><div class=\"stk-inner-blocks stk-content-align stk-5f3ad4c-column alignwide\"><div class=\"stk-block-posts__items\"><div class=\"stk-block-posts__item\"><div class=\"stk-container stk-5f3ad4c-container stk--no-background stk--no-padding\"><article><a href=\"https:\/\/elpuclitico.cl\/index.php\/2026\/07\/22\/quien-vela-por-el-norte\/\" class=\"stk-block-posts__image-link\"><figure class=\"stk-img-wrapper stk-image--shape-stretch\"><img loading=\"lazy\" decoding=\"async\" width=\"1920\" height=\"1080\" src=\"https:\/\/elpuclitico.cl\/wp-content\/uploads\/2026\/06\/PUCLITICO-PORTADA-WEB-CARTAS-Y-COLUMNAS-WEB.jpg\" class=\"attachment-full size-full wp-post-image\" alt=\"\" srcset=\"https:\/\/elpuclitico.cl\/wp-content\/uploads\/2026\/06\/PUCLITICO-PORTADA-WEB-CARTAS-Y-COLUMNAS-WEB.jpg 1920w, https:\/\/elpuclitico.cl\/wp-content\/uploads\/2026\/06\/PUCLITICO-PORTADA-WEB-CARTAS-Y-COLUMNAS-WEB-300x169.jpg 300w, https:\/\/elpuclitico.cl\/wp-content\/uploads\/2026\/06\/PUCLITICO-PORTADA-WEB-CARTAS-Y-COLUMNAS-WEB-1024x576.jpg 1024w, https:\/\/elpuclitico.cl\/wp-content\/uploads\/2026\/06\/PUCLITICO-PORTADA-WEB-CARTAS-Y-COLUMNAS-WEB-768x432.jpg 768w, https:\/\/elpuclitico.cl\/wp-content\/uploads\/2026\/06\/PUCLITICO-PORTADA-WEB-CARTAS-Y-COLUMNAS-WEB-1536x864.jpg 1536w\" sizes=\"(max-width: 1920px) 100vw, 1920px\" \/><\/figure><\/a><div class=\"stk-block-posts__category stk-subtitle\"><a class=\"stk-button\" href=\"https:\/\/elpuclitico.cl\/index.php\/category\/opinion\/carta-a-la-directora\/\" rel=\"category tag\"><span class=\"stk-button__inner-text\">Carta a la directora<\/span><\/a>, <a class=\"stk-button\" href=\"https:\/\/elpuclitico.cl\/index.php\/category\/opinion\/\" rel=\"category tag\"><span class=\"stk-button__inner-text\">Opini\u00f3n<\/span><\/a><\/div><h1 class=\"stk-block-posts__title has-text-align-left has-text-color\"><a href='https:\/\/elpuclitico.cl\/index.php\/2026\/07\/22\/quien-vela-por-el-norte\/'>\u00bfQui\u00e9n vela por el norte?<\/a><\/h1><div class=\"stk-block-posts__meta stk-subtitle\"><time datetime=\"2026-07-22T20:07:12+00:00\">22 de julio de 2026<\/time><\/div><\/article><\/div><\/div><div class=\"stk-block-posts__item\"><div class=\"stk-container stk-5f3ad4c-container stk--no-background stk--no-padding\"><article><a href=\"https:\/\/elpuclitico.cl\/index.php\/2026\/07\/09\/el-cambiazo-de-mochilas-en-la-uc\/\" class=\"stk-block-posts__image-link\"><figure class=\"stk-img-wrapper stk-image--shape-stretch\"><img loading=\"lazy\" decoding=\"async\" width=\"1920\" height=\"1080\" src=\"https:\/\/elpuclitico.cl\/wp-content\/uploads\/2026\/06\/PUCLITICO-PORTADA-WEB-CARTAS-Y-COLUMNAS-WEB.jpg\" class=\"attachment-full size-full wp-post-image\" alt=\"\" srcset=\"https:\/\/elpuclitico.cl\/wp-content\/uploads\/2026\/06\/PUCLITICO-PORTADA-WEB-CARTAS-Y-COLUMNAS-WEB.jpg 1920w, https:\/\/elpuclitico.cl\/wp-content\/uploads\/2026\/06\/PUCLITICO-PORTADA-WEB-CARTAS-Y-COLUMNAS-WEB-300x169.jpg 300w, https:\/\/elpuclitico.cl\/wp-content\/uploads\/2026\/06\/PUCLITICO-PORTADA-WEB-CARTAS-Y-COLUMNAS-WEB-1024x576.jpg 1024w, https:\/\/elpuclitico.cl\/wp-content\/uploads\/2026\/06\/PUCLITICO-PORTADA-WEB-CARTAS-Y-COLUMNAS-WEB-768x432.jpg 768w, https:\/\/elpuclitico.cl\/wp-content\/uploads\/2026\/06\/PUCLITICO-PORTADA-WEB-CARTAS-Y-COLUMNAS-WEB-1536x864.jpg 1536w\" sizes=\"(max-width: 1920px) 100vw, 1920px\" \/><\/figure><\/a><div class=\"stk-block-posts__category stk-subtitle\"><a class=\"stk-button\" href=\"https:\/\/elpuclitico.cl\/index.php\/category\/opinion\/carta-a-la-directora\/\" rel=\"category tag\"><span class=\"stk-button__inner-text\">Carta a la directora<\/span><\/a>, <a class=\"stk-button\" href=\"https:\/\/elpuclitico.cl\/index.php\/category\/opinion\/\" rel=\"category tag\"><span class=\"stk-button__inner-text\">Opini\u00f3n<\/span><\/a><\/div><h1 class=\"stk-block-posts__title has-text-align-left has-text-color\"><a href='https:\/\/elpuclitico.cl\/index.php\/2026\/07\/09\/el-cambiazo-de-mochilas-en-la-uc\/'>El \u00abcambiazo\u00bb de mochilas en la UC<\/a><\/h1><div class=\"stk-block-posts__meta stk-subtitle\"><time datetime=\"2026-07-09T20:02:46+00:00\">9 de julio de 2026<\/time><\/div><\/article><\/div><\/div><div class=\"stk-block-posts__item\"><div class=\"stk-container stk-5f3ad4c-container stk--no-background stk--no-padding\"><article><a href=\"https:\/\/elpuclitico.cl\/index.php\/2026\/07\/06\/nuestra-distopia-de-la-indiferencia\/\" class=\"stk-block-posts__image-link\"><figure class=\"stk-img-wrapper stk-image--shape-stretch\"><img loading=\"lazy\" decoding=\"async\" width=\"1920\" height=\"1080\" src=\"https:\/\/elpuclitico.cl\/wp-content\/uploads\/2026\/06\/POLITICA-Y-DEMOCRACIA-.-SOCIEDAD.jpg\" class=\"attachment-full size-full wp-post-image\" alt=\"\" srcset=\"https:\/\/elpuclitico.cl\/wp-content\/uploads\/2026\/06\/POLITICA-Y-DEMOCRACIA-.-SOCIEDAD.jpg 1920w, https:\/\/elpuclitico.cl\/wp-content\/uploads\/2026\/06\/POLITICA-Y-DEMOCRACIA-.-SOCIEDAD-300x169.jpg 300w, https:\/\/elpuclitico.cl\/wp-content\/uploads\/2026\/06\/POLITICA-Y-DEMOCRACIA-.-SOCIEDAD-1024x576.jpg 1024w, https:\/\/elpuclitico.cl\/wp-content\/uploads\/2026\/06\/POLITICA-Y-DEMOCRACIA-.-SOCIEDAD-768x432.jpg 768w, https:\/\/elpuclitico.cl\/wp-content\/uploads\/2026\/06\/POLITICA-Y-DEMOCRACIA-.-SOCIEDAD-1536x864.jpg 1536w\" sizes=\"(max-width: 1920px) 100vw, 1920px\" \/><\/figure><\/a><div class=\"stk-block-posts__category stk-subtitle\"><a class=\"stk-button\" href=\"https:\/\/elpuclitico.cl\/index.php\/category\/opinion\/columnas-de-opinion\/\" rel=\"category tag\"><span class=\"stk-button__inner-text\">Columnas de opini\u00f3n<\/span><\/a>, <a class=\"stk-button\" href=\"https:\/\/elpuclitico.cl\/index.php\/category\/opinion\/\" rel=\"category tag\"><span class=\"stk-button__inner-text\">Opini\u00f3n<\/span><\/a><\/div><h1 class=\"stk-block-posts__title has-text-align-left has-text-color\"><a href='https:\/\/elpuclitico.cl\/index.php\/2026\/07\/06\/nuestra-distopia-de-la-indiferencia\/'>Nuestra distop\u00eda de la indiferencia\u00a0<\/a><\/h1><div class=\"stk-block-posts__meta stk-subtitle\"><time datetime=\"2026-07-06T01:10:19+00:00\">6 de julio de 2026<\/time><\/div><\/article><\/div><\/div><div class=\"stk-block-posts__item\"><div class=\"stk-container stk-5f3ad4c-container stk--no-background stk--no-padding\"><article><a href=\"https:\/\/elpuclitico.cl\/index.php\/2026\/07\/01\/ojos-de-nino-la-indiferencia-presidencial-ante-la-ninez\/\" class=\"stk-block-posts__image-link\"><figure class=\"stk-img-wrapper stk-image--shape-stretch\"><img loading=\"lazy\" decoding=\"async\" width=\"1920\" height=\"1080\" src=\"https:\/\/elpuclitico.cl\/wp-content\/uploads\/2026\/07\/PUCLITICO-PORTADA-WEB-CARTAS-Y-COLUMNAS-WEB-2.jpg\" class=\"attachment-full size-full wp-post-image\" alt=\"\" srcset=\"https:\/\/elpuclitico.cl\/wp-content\/uploads\/2026\/07\/PUCLITICO-PORTADA-WEB-CARTAS-Y-COLUMNAS-WEB-2.jpg 1920w, https:\/\/elpuclitico.cl\/wp-content\/uploads\/2026\/07\/PUCLITICO-PORTADA-WEB-CARTAS-Y-COLUMNAS-WEB-2-300x169.jpg 300w, https:\/\/elpuclitico.cl\/wp-content\/uploads\/2026\/07\/PUCLITICO-PORTADA-WEB-CARTAS-Y-COLUMNAS-WEB-2-1024x576.jpg 1024w, https:\/\/elpuclitico.cl\/wp-content\/uploads\/2026\/07\/PUCLITICO-PORTADA-WEB-CARTAS-Y-COLUMNAS-WEB-2-768x432.jpg 768w, https:\/\/elpuclitico.cl\/wp-content\/uploads\/2026\/07\/PUCLITICO-PORTADA-WEB-CARTAS-Y-COLUMNAS-WEB-2-1536x864.jpg 1536w\" sizes=\"(max-width: 1920px) 100vw, 1920px\" \/><\/figure><\/a><div class=\"stk-block-posts__category stk-subtitle\"><a class=\"stk-button\" href=\"https:\/\/elpuclitico.cl\/index.php\/category\/opinion\/columnas-de-opinion\/\" rel=\"category tag\"><span class=\"stk-button__inner-text\">Columnas de opini\u00f3n<\/span><\/a>, <a class=\"stk-button\" href=\"https:\/\/elpuclitico.cl\/index.php\/category\/opinion\/\" rel=\"category tag\"><span class=\"stk-button__inner-text\">Opini\u00f3n<\/span><\/a><\/div><h1 class=\"stk-block-posts__title has-text-align-left has-text-color\"><a href='https:\/\/elpuclitico.cl\/index.php\/2026\/07\/01\/ojos-de-nino-la-indiferencia-presidencial-ante-la-ninez\/'>Ojos de ni\u00f1o: la indiferencia presidencial ante la ni\u00f1ez<\/a><\/h1><div class=\"stk-block-posts__meta stk-subtitle\"><time datetime=\"2026-07-01T00:40:10+00:00\">1 de julio de 2026<\/time><\/div><\/article><\/div><\/div><\/div><div class=\"stk-inner-blocks\"><\/div><\/div><\/div>\n<\/div><\/div><\/div>\n<\/div><div class=\"stk-block-carousel__buttons\"><button class=\"stk-block-carousel__button stk-block-carousel__button__prev\" aria-label=\"Previous slide\"><svg aria-hidden=\"true\" focusable=\"false\" data-prefix=\"fas\" data-icon=\"chevron-left\" class=\"svg-inline--fa fa-chevron-left\" xmlns=\"http:\/\/www.w3.org\/2000\/svg\" viewBox=\"0 0 320 512\" width=\"32\" height=\"32\"><path d=\"M34.52 239.03L228.87 44.69c9.37-9.37 24.57-9.37 33.94 0l22.67 22.67c9.36 9.36 9.37 24.52.04 33.9L131.49 256l154.02 154.75c9.34 9.38 9.32 24.54-.04 33.9l-22.67 22.67c-9.37 9.37-24.57 9.37-33.94 0L34.52 272.97c-9.37-9.37-9.37-24.57 0-33.94z\"><\/path><\/svg><\/button><button class=\"stk-block-carousel__button stk-block-carousel__button__next\" aria-label=\"Next slide\"><svg aria-hidden=\"true\" focusable=\"false\" data-prefix=\"fas\" data-icon=\"chevron-right\" class=\"svg-inline--fa fa-chevron-right\" xmlns=\"http:\/\/www.w3.org\/2000\/svg\" viewBox=\"0 0 320 512\" width=\"32\" height=\"32\"><path d=\"M285.476 272.971L91.132 467.314c-9.373 9.373-24.569 9.373-33.941 0l-22.667-22.667c-9.357-9.357-9.375-24.522-.04-33.901L188.505 256 34.484 101.255c-9.335-9.379-9.317-24.544.04-33.901l22.667-22.667c9.373-9.373 24.569-9.373 33.941 0L285.475 239.03c9.373 9.372 9.373 24.568.001 33.941z\"><\/path><\/svg><\/button><\/div><\/div><div class=\"stk-block-carousel__dots\" role=\"list\" data-label=\"Slide %%d\"><\/div><\/div><\/div>\n\n\n\n<p><\/p>\n","protected":false},"excerpt":{"rendered":"<p>Cultura, Tiempo Libre \u00bfY t\u00fa qu\u00e9 lees, profe? 3 de septiembre de 2026 Cultura, Tiempo Libre Las historias detr\u00e1s de las esculturas que habitan los campus UC 2 de septiembre de 2026 Actualidad Ma\u00f1anas m\u00e1s oscuras, tardes m\u00e1s largas: este s\u00e1bado 5 de septiembre inicia el horario de verano 4 de septiembre de 2026 Con [&hellip;]<\/p>\n","protected":false},"author":1,"featured_media":0,"parent":0,"menu_order":0,"comment_status":"closed","ping_status":"closed","template":"","meta":{"_eb_attr":"","_gspb_post_css":"","om_disable_all_campaigns":false,"_monsterinsights_skip_tracking":false,"_monsterinsights_sitenote_active":false,"_monsterinsights_sitenote_note":"","_monsterinsights_sitenote_category":0,"footnotes":""},"class_list":["post-4509","page","type-page","status-publish","hentry"],"blocksy_meta":[],"aioseo_notices":[],"_links":{"self":[{"href":"https:\/\/elpuclitico.cl\/index.php\/wp-json\/wp\/v2\/pages\/4509","targetHints":{"allow":["GET"]}}],"collection":[{"href":"https:\/\/elpuclitico.cl\/index.php\/wp-json\/wp\/v2\/pages"}],"about":[{"href":"https:\/\/elpuclitico.cl\/index.php\/wp-json\/wp\/v2\/types\/page"}],"author":[{"embeddable":true,"href":"https:\/\/elpuclitico.cl\/index.php\/wp-json\/wp\/v2\/users\/1"}],"replies":[{"embeddable":true,"href":"https:\/\/elpuclitico.cl\/index.php\/wp-json\/wp\/v2\/comments?post=4509"}],"version-history":[{"count":30,"href":"https:\/\/elpuclitico.cl\/index.php\/wp-json\/wp\/v2\/pages\/4509\/revisions"}],"predecessor-version":[{"id":5483,"href":"https:\/\/elpuclitico.cl\/index.php\/wp-json\/wp\/v2\/pages\/4509\/revisions\/5483"}],"wp:attachment":[{"href":"https:\/\/elpuclitico.cl\/index.php\/wp-json\/wp\/v2\/media?parent=4509"}],"curies":[{"name":"wp","href":"https:\/\/api.w.org\/{rel}","templated":true}]}}